{"id":13708,"date":"2014-03-25T11:23:18","date_gmt":"2014-03-25T11:23:18","guid":{"rendered":"http:\/\/demo.qodeinteractive.com\/bridge3\/?page_id=13708"},"modified":"2014-03-25T11:23:18","modified_gmt":"2014-03-25T11:23:18","slug":"latest-posts-small-image","status":"publish","type":"page","link":"https:\/\/advokattorgersen.no\/pl\/latest-posts-small-image\/","title":{"rendered":"Latest Posts Small Image"},"content":{"rendered":"<div      class=\"vc_row wpb_row section vc_row-fluid  grid_section\" style='background-color:#ffffff; padding-top:73px; padding-bottom:30px; text-align:left;'><div class=\"section_inner clearfix\"><div class='section_inner_margin clearfix'><div class=\"wpb_column vc_column_container vc_col-sm-12\"><div class=\"vc_column-inner\"><div class=\"wpb_wrapper\">\n\t<div class=\"wpb_text_column wpb_content_element\">\n\t\t<div class=\"wpb_wrapper\">\n\t\t\t<h2 style=\"text-align: center;\">Many Elements To Choose From With Many Customization Options<\/h2>\n\n\t\t<\/div> \n\t<\/div> <div class=\"separator  small center\" style=\"margin-top: 20px;margin-bottom: 80px;\"><\/div>\n<div      class=\"vc_row wpb_row section vc_row-fluid vc_inner\" style=' text-align:left;'><div class=\"full_section_inner clearfix\"><div class=\"wpb_column vc_column_container vc_col-sm-6\"><div class=\"vc_column-inner\"><div class=\"wpb_wrapper\">\n<div class='latest_post_holder image_in_box' >\n    <ul>\n    \n        <li class=\"clearfix\">\n            <div class=\"latest_post\"  >\n                <div class=\"latest_post_image clearfix\">\n                    <a itemprop=\"url\" href=\"https:\/\/advokattorgersen.no\/pl\/2017\/04\/20\/visste-du-dette-om-menerstatning\/\">\n                                                <img itemprop=\"image\" src=\"https:\/\/advokattorgersen.no\/wp-content\/uploads\/2018\/04\/Skade-150x150.jpg\" alt=\"\" \/>\n                    <\/a>\n                <\/div>\n\n\n                <div class=\"latest_post_text\">\n                    <div class=\"latest_post_inner\">\n                        <div class=\"latest_post_text_inner\">\n                            <h5 itemprop=\"name\" class=\"latest_post_title entry_title\"><a itemprop=\"url\" href=\"https:\/\/advokattorgersen.no\/pl\/2017\/04\/20\/visste-du-dette-om-menerstatning\/\">Visste du dette om menerstatning?<\/a><\/h5>\n                            <p class=\"excerpt\">Du kan ha krav p\u00e5 menerstatning dersom du eksempelvis har blitt utsatt for en trafikkskade, yrkesskade eller voldsskade....<\/p>\n                            <span class=\"post_infos\">\n                                                                    <span class=\"date_hour_holder\">\n                                        <span itemprop=\"dateCreated\" class=\"date entry_date updated\">20 kwietnia, 2017 <meta itemprop=\"interactionCount\" content=\"UserComments: 0\"\/><\/span>\n                                    <\/span>\n                                \n                                \n                                \n                                    <span class=\"dots\"><i class=\"fa fa-square\"><\/i><\/span>\n                                    <a itemprop=\"url\" class=\"post_comments\" href=\"https:\/\/advokattorgersen.no\/pl\/2017\/04\/20\/visste-du-dette-om-menerstatning\/#respond\">No comment<\/a>\n                                \n                                \n                                                            <\/span>\n                        <\/div>\n                    <\/div>\n                <\/div>\n            <\/div>\n        <\/li>\n        \n        <li class=\"clearfix\">\n            <div class=\"latest_post\"  >\n                <div class=\"latest_post_image clearfix\">\n                    <a itemprop=\"url\" href=\"https:\/\/advokattorgersen.no\/pl\/2019\/01\/17\/veldedighetsarbeid-advokat-anette-torgersen-har-na-vaert-ute-pa-oppdrag-som-mentor-for-barnas-jurist\/\">\n                                                <img itemprop=\"image\" src=\"https:\/\/advokattorgersen.no\/wp-content\/uploads\/2019\/01\/anette-150x150.jpg\" alt=\"\" \/>\n                    <\/a>\n                <\/div>\n\n\n                <div class=\"latest_post_text\">\n                    <div class=\"latest_post_inner\">\n                        <div class=\"latest_post_text_inner\">\n                            <h5 itemprop=\"name\" class=\"latest_post_title entry_title\"><a itemprop=\"url\" href=\"https:\/\/advokattorgersen.no\/pl\/2019\/01\/17\/veldedighetsarbeid-advokat-anette-torgersen-har-na-vaert-ute-pa-oppdrag-som-mentor-for-barnas-jurist\/\">Veldedighetsarbeid | advokat Anette Torgersen har n\u00e5 v\u00e6rt ute p\u00e5 oppdrag som mentor for Barnas Jurist<\/a><\/h5>\n                            <p class=\"excerpt\">Advokat Anette Torgersen har takket ja til \u00e5 v\u00e6re frivillig medarbeider for Barnas jurist. Advokat Anette Torgersen har ...<\/p>\n                            <span class=\"post_infos\">\n                                                                    <span class=\"date_hour_holder\">\n                                        <span itemprop=\"dateCreated\" class=\"date entry_date updated\">17 stycznia, 2019 <meta itemprop=\"interactionCount\" content=\"UserComments: 0\"\/><\/span>\n                                    <\/span>\n                                \n                                \n                                \n                                    <span class=\"dots\"><i class=\"fa fa-square\"><\/i><\/span>\n                                    <a itemprop=\"url\" class=\"post_comments\" href=\"https:\/\/advokattorgersen.no\/pl\/2019\/01\/17\/veldedighetsarbeid-advokat-anette-torgersen-har-na-vaert-ute-pa-oppdrag-som-mentor-for-barnas-jurist\/#respond\">No comment<\/a>\n                                \n                                \n                                                            <\/span>\n                        <\/div>\n                    <\/div>\n                <\/div>\n            <\/div>\n        <\/li>\n        \n        <li class=\"clearfix\">\n            <div class=\"latest_post\"  >\n                <div class=\"latest_post_image clearfix\">\n                    <a itemprop=\"url\" href=\"https:\/\/advokattorgersen.no\/pl\/2018\/11\/02\/veldedighetsarbeid-advokat-anette-torgersen-er-na-mentor-for-barnas-jurist\/\">\n                                                <img itemprop=\"image\" src=\"https:\/\/advokattorgersen.no\/wp-content\/uploads\/2018\/06\/Profilbilde-av-meg-med-logo-150x150.jpg\" alt=\"\" \/>\n                    <\/a>\n                <\/div>\n\n\n                <div class=\"latest_post_text\">\n                    <div class=\"latest_post_inner\">\n                        <div class=\"latest_post_text_inner\">\n                            <h5 itemprop=\"name\" class=\"latest_post_title entry_title\"><a itemprop=\"url\" href=\"https:\/\/advokattorgersen.no\/pl\/2018\/11\/02\/veldedighetsarbeid-advokat-anette-torgersen-er-na-mentor-for-barnas-jurist\/\">Veldedighetsarbeid &#8211; Advokat Anette Torgersen er n\u00e5 mentor for Barnas Jurist<\/a><\/h5>\n                            <p class=\"excerpt\">Veldedighetsarbeid er et viktig bidrag til samfunnet. Advokat Anette Torgersen har n\u00e5 takket ja til \u00e5 v\u00e6re frivillig med...<\/p>\n                            <span class=\"post_infos\">\n                                                                    <span class=\"date_hour_holder\">\n                                        <span itemprop=\"dateCreated\" class=\"date entry_date updated\">02 listopada, 2018 <meta itemprop=\"interactionCount\" content=\"UserComments: 0\"\/><\/span>\n                                    <\/span>\n                                \n                                \n                                \n                                    <span class=\"dots\"><i class=\"fa fa-square\"><\/i><\/span>\n                                    <a itemprop=\"url\" class=\"post_comments\" href=\"https:\/\/advokattorgersen.no\/pl\/2018\/11\/02\/veldedighetsarbeid-advokat-anette-torgersen-er-na-mentor-for-barnas-jurist\/#respond\">No comment<\/a>\n                                \n                                \n                                                            <\/span>\n                        <\/div>\n                    <\/div>\n                <\/div>\n            <\/div>\n        <\/li>\n        \n        <li class=\"clearfix\">\n            <div class=\"latest_post\"  >\n                <div class=\"latest_post_image clearfix\">\n                    <a itemprop=\"url\" href=\"https:\/\/advokattorgersen.no\/pl\/2018\/03\/05\/politiet-har-henlagt-voldtektssaken-hva-kan-du-gjore\/\">\n                                                <img itemprop=\"image\" src=\"https:\/\/advokattorgersen.no\/wp-content\/uploads\/2018\/03\/Henlagt-voldtekt-hender1-1-150x150.jpg\" alt=\"\" \/>\n                    <\/a>\n                <\/div>\n\n\n                <div class=\"latest_post_text\">\n                    <div class=\"latest_post_inner\">\n                        <div class=\"latest_post_text_inner\">\n                            <h5 itemprop=\"name\" class=\"latest_post_title entry_title\"><a itemprop=\"url\" href=\"https:\/\/advokattorgersen.no\/pl\/2018\/03\/05\/politiet-har-henlagt-voldtektssaken-hva-kan-du-gjore\/\">Politiet har henlagt din sak om voldtekt. Hva kan du gj\u00f8re?<\/a><\/h5>\n                            <p class=\"excerpt\">Dessverre oppleves det at saker om voldtekt blir henlagt av politiet selv om det ikke burde v\u00e6rt gjort. Dersom du er uen...<\/p>\n                            <span class=\"post_infos\">\n                                                                    <span class=\"date_hour_holder\">\n                                        <span itemprop=\"dateCreated\" class=\"date entry_date updated\">05 marca, 2018 <meta itemprop=\"interactionCount\" content=\"UserComments: 0\"\/><\/span>\n                                    <\/span>\n                                \n                                \n                                \n                                    <span class=\"dots\"><i class=\"fa fa-square\"><\/i><\/span>\n                                    <a itemprop=\"url\" class=\"post_comments\" href=\"https:\/\/advokattorgersen.no\/pl\/2018\/03\/05\/politiet-har-henlagt-voldtektssaken-hva-kan-du-gjore\/#respond\">No comment<\/a>\n                                \n                                \n                                                            <\/span>\n                        <\/div>\n                    <\/div>\n                <\/div>\n            <\/div>\n        <\/li>\n        \n    <\/ul>\n<\/div><div class=\"separator  transparent center\" style=\"margin-top: 52px;margin-bottom: 0px;\"><\/div>\n<\/div><\/div><\/div><div class=\"wpb_column vc_column_container vc_col-sm-6\"><div class=\"vc_column-inner\"><div class=\"wpb_wrapper\">\n<div class='latest_post_holder image_in_box' >\n    <ul>\n    \n        <li class=\"clearfix\">\n            <div class=\"latest_post\"  >\n                <div class=\"latest_post_image clearfix\">\n                    <a itemprop=\"url\" href=\"https:\/\/advokattorgersen.no\/pl\/2022\/02\/24\/advokatfirmaet-torgersen-hadde-et-hyggelig-besok-av-advokatwatch\/\">\n                                                <img itemprop=\"image\" src=\"https:\/\/advokattorgersen.no\/wp-content\/uploads\/2022\/02\/aurora-150x150.jpg\" alt=\"\" \/>\n                    <\/a>\n                <\/div>\n\n\n                <div class=\"latest_post_text\">\n                    <div class=\"latest_post_inner\">\n                        <div class=\"latest_post_text_inner\">\n                            <h5 itemprop=\"name\" class=\"latest_post_title entry_title\"><a itemprop=\"url\" href=\"https:\/\/advokattorgersen.no\/pl\/2022\/02\/24\/advokatfirmaet-torgersen-hadde-et-hyggelig-besok-av-advokatwatch\/\">Advokatfirmaet Torgersen hadde et hyggelig bes\u00f8k av AdvokatWatch<\/a><\/h5>\n                            <p class=\"excerpt\">AdvokatWatch tok kontakt med Advokatfirmaet Torgersen i forbindelse med nyansettelse. Advokatfirmaet Torgersen har \u00f8kend...<\/p>\n                            <span class=\"post_infos\">\n                                                                    <span class=\"date_hour_holder\">\n                                        <span itemprop=\"dateCreated\" class=\"date entry_date updated\">24 lutego, 2022 <meta itemprop=\"interactionCount\" content=\"UserComments: 0\"\/><\/span>\n                                    <\/span>\n                                \n                                \n                                \n                                    <span class=\"dots\"><i class=\"fa fa-square\"><\/i><\/span>\n                                    <a itemprop=\"url\" class=\"post_comments\" href=\"https:\/\/advokattorgersen.no\/pl\/2022\/02\/24\/advokatfirmaet-torgersen-hadde-et-hyggelig-besok-av-advokatwatch\/#respond\">No comment<\/a>\n                                \n                                \n                                                            <\/span>\n                        <\/div>\n                    <\/div>\n                <\/div>\n            <\/div>\n        <\/li>\n        \n        <li class=\"clearfix\">\n            <div class=\"latest_post\"  >\n                <div class=\"latest_post_image clearfix\">\n                    <a itemprop=\"url\" href=\"https:\/\/advokattorgersen.no\/pl\/2021\/12\/27\/advokatforeningens-hovedstyre-har-oppnevnt-anette-torgersen-som-medlem-av-bistandsadvokatutvalget\/\">\n                                                <img itemprop=\"image\" src=\"https:\/\/advokattorgersen.no\/wp-content\/uploads\/2021\/12\/HAN_0873-150x150.jpg\" alt=\"\" \/>\n                    <\/a>\n                <\/div>\n\n\n                <div class=\"latest_post_text\">\n                    <div class=\"latest_post_inner\">\n                        <div class=\"latest_post_text_inner\">\n                            <h5 itemprop=\"name\" class=\"latest_post_title entry_title\"><a itemprop=\"url\" href=\"https:\/\/advokattorgersen.no\/pl\/2021\/12\/27\/advokatforeningens-hovedstyre-har-oppnevnt-anette-torgersen-som-medlem-av-bistandsadvokatutvalget\/\">Advokatforeningens hovedstyre har oppnevnt Anette Torgersen som medlem av bistandsadvokatutvalget<\/a><\/h5>\n                            <p class=\"excerpt\">Det er stor konkurranse om \u00e5 sitte i Advokatforeningens utvalg. Det er et prestisjefullt verv, hvor medlemmene blant ann...<\/p>\n                            <span class=\"post_infos\">\n                                                                    <span class=\"date_hour_holder\">\n                                        <span itemprop=\"dateCreated\" class=\"date entry_date updated\">27 grudnia, 2021 <meta itemprop=\"interactionCount\" content=\"UserComments: 0\"\/><\/span>\n                                    <\/span>\n                                \n                                \n                                \n                                    <span class=\"dots\"><i class=\"fa fa-square\"><\/i><\/span>\n                                    <a itemprop=\"url\" class=\"post_comments\" href=\"https:\/\/advokattorgersen.no\/pl\/2021\/12\/27\/advokatforeningens-hovedstyre-har-oppnevnt-anette-torgersen-som-medlem-av-bistandsadvokatutvalget\/#respond\">No comment<\/a>\n                                \n                                \n                                                            <\/span>\n                        <\/div>\n                    <\/div>\n                <\/div>\n            <\/div>\n        <\/li>\n        \n        <li class=\"clearfix\">\n            <div class=\"latest_post\"  >\n                <div class=\"latest_post_image clearfix\">\n                    <a itemprop=\"url\" href=\"https:\/\/advokattorgersen.no\/pl\/2022\/10\/02\/din-erstatning-kan-ga-tapt-dersom-du-ikke-soker-voldsoffererstatning-for-1-januar-2023\/\">\n                                                <img itemprop=\"image\" src=\"https:\/\/advokattorgersen.no\/wp-content\/uploads\/2021\/12\/HAN_0873-150x150.jpg\" alt=\"\" \/>\n                    <\/a>\n                <\/div>\n\n\n                <div class=\"latest_post_text\">\n                    <div class=\"latest_post_inner\">\n                        <div class=\"latest_post_text_inner\">\n                            <h5 itemprop=\"name\" class=\"latest_post_title entry_title\"><a itemprop=\"url\" href=\"https:\/\/advokattorgersen.no\/pl\/2022\/10\/02\/din-erstatning-kan-ga-tapt-dersom-du-ikke-soker-voldsoffererstatning-for-1-januar-2023\/\">Din erstatning kan g\u00e5 tapt dersom du ikke s\u00f8ker voldsoffererstatning f\u00f8r 1. januar 2023<\/a><\/h5>\n                            <p class=\"excerpt\">Mange av de som har blitt utsatt for vold eller overgrep i perioden 1. januar 1975 \u2013 1. januar 2022 kan miste sin rett t...<\/p>\n                            <span class=\"post_infos\">\n                                                                    <span class=\"date_hour_holder\">\n                                        <span itemprop=\"dateCreated\" class=\"date entry_date updated\">02 pa\u017adziernika, 2022 <meta itemprop=\"interactionCount\" content=\"UserComments: 0\"\/><\/span>\n                                    <\/span>\n                                \n                                \n                                \n                                    <span class=\"dots\"><i class=\"fa fa-square\"><\/i><\/span>\n                                    <a itemprop=\"url\" class=\"post_comments\" href=\"https:\/\/advokattorgersen.no\/pl\/2022\/10\/02\/din-erstatning-kan-ga-tapt-dersom-du-ikke-soker-voldsoffererstatning-for-1-januar-2023\/#respond\">No comment<\/a>\n                                \n                                \n                                                            <\/span>\n                        <\/div>\n                    <\/div>\n                <\/div>\n            <\/div>\n        <\/li>\n        \n        <li class=\"clearfix\">\n            <div class=\"latest_post\"  >\n                <div class=\"latest_post_image clearfix\">\n                    <a itemprop=\"url\" href=\"https:\/\/advokattorgersen.no\/pl\/2018\/10\/07\/dokumentaren-om-voldtektssaker-sendes-pa-nrk1-den-9-oktober-brennpunkt-i-samarbeid-med-advokat-anette-torgersen\/\">\n                                                <img itemprop=\"image\" src=\"https:\/\/advokattorgersen.no\/wp-content\/uploads\/2018\/06\/Bilde-hvor-jeg-g\u00e5r-ute-med-logo-150x150.jpg\" alt=\"\" \/>\n                    <\/a>\n                <\/div>\n\n\n                <div class=\"latest_post_text\">\n                    <div class=\"latest_post_inner\">\n                        <div class=\"latest_post_text_inner\">\n                            <h5 itemprop=\"name\" class=\"latest_post_title entry_title\"><a itemprop=\"url\" href=\"https:\/\/advokattorgersen.no\/pl\/2018\/10\/07\/dokumentaren-om-voldtektssaker-sendes-pa-nrk1-den-9-oktober-brennpunkt-i-samarbeid-med-advokat-anette-torgersen\/\">Dokumentaren om voldtektssaker sendes p\u00e5 NRK1 den 9. oktober | Brennpunkt i samarbeid med advokat Anette Torgersen<\/a><\/h5>\n                            <p class=\"excerpt\">Tirsdag den 9. oktober kl. 21:20 p\u00e5 NRK 1 sendes NRK Brennpunkt sin dokumentar om voldtektssaker. NRK Brennpunkt har val...<\/p>\n                            <span class=\"post_infos\">\n                                                                    <span class=\"date_hour_holder\">\n                                        <span itemprop=\"dateCreated\" class=\"date entry_date updated\">07 pa\u017adziernika, 2018 <meta itemprop=\"interactionCount\" content=\"UserComments: 0\"\/><\/span>\n                                    <\/span>\n                                \n                                \n                                \n                                    <span class=\"dots\"><i class=\"fa fa-square\"><\/i><\/span>\n                                    <a itemprop=\"url\" class=\"post_comments\" href=\"https:\/\/advokattorgersen.no\/pl\/2018\/10\/07\/dokumentaren-om-voldtektssaker-sendes-pa-nrk1-den-9-oktober-brennpunkt-i-samarbeid-med-advokat-anette-torgersen\/#respond\">No comment<\/a>\n                                \n                                \n                                                            <\/span>\n                        <\/div>\n                    <\/div>\n                <\/div>\n            <\/div>\n        <\/li>\n        \n    <\/ul>\n<\/div><div class=\"separator  transparent center\" style=\"margin-top: 52px;margin-bottom: 0px;\"><\/div>\n<\/div><\/div><\/div><\/div><\/div><\/div><\/div><\/div><\/div><\/div><\/div>","protected":false},"excerpt":{"rendered":"NRK Brennpunkt sin dokumentar om voldtektssaker er klar\u00a0 Tirsdag den 9. oktober kl. 21:20 p\u00e5 NRK 1 sendes NRK Brennpunkt sin dokumentar om voldtektssaker. Voldtektssaker er et alvorlig og viktig tema. Dokumentaren tar for seg flere voldtektssaker p\u00e5 ulike stadier i prosessen fra anmeldelse er inngitt til politiet. I en av voldtektssakene f\u00f8lger man forn\u00e6rmede underveis i etterforskningsprosessen i p\u00e5vente av om det blir rettssak eller ikke. Det belyses blant annet hvordan ventetiden er for forn\u00e6rmede. Advokat Anette Torgersen i samarbeid med NRK Brennpunkt NRK Brennpunkt har valgt ut advokat Anette Torgersen til \u00e5 v\u00e6re med i samarbeidet om \u00e5 lage denne dokumentaren om voldtektssaker. \u00d8nsker \u00e5 bidra til st\u00f8rre opplysning rundt rettigheter til voldsutsatte Advokat Anette Torgersen opplever at det er mange som ikke kjenner til sine rettigheter i voldtektssakene, s\u00e5 det er et m\u00e5l \u00e5 bidra til st\u00f8rre opplysning rundt dette. Dette v\u00e6re seg rettigheter under saksbehandlingen av straffesaken, men ogs\u00e5 i etterkant av en straffesak med tanke p\u00e5 voldsoffererstatning. Det kan nevnes at du som hovedregel har krav p\u00e5 \u00e5 f\u00e5 oppnevnt en bistandsadvokat som kan hjelpe deg fra den innledende fasen rett i etterkant av voldtekten og frem til avslutning av saken din. Dette helt uten...","protected":false},"author":1,"featured_media":0,"parent":0,"menu_order":0,"comment_status":"open","ping_status":"open","template":"full_width.php","meta":{"_mi_skip_tracking":false},"yoast_head":"<!-- This site is optimized with the Yoast SEO plugin v19.6.1 - https:\/\/yoast.com\/wordpress\/plugins\/seo\/ -->\n<title>Latest Posts Small Image - Advokatfirmaet Torgersen<\/title>\n<meta name=\"robots\" content=\"index, follow, max-snippet:-1, max-image-preview:large, max-video-preview:-1\" \/>\n<link rel=\"canonical\" href=\"https:\/\/advokattorgersen.no\/pl\/latest-posts-small-image\/\" \/>\n<meta property=\"og:locale\" content=\"pl_PL\" \/>\n<meta property=\"og:type\" content=\"article\" \/>\n<meta property=\"og:title\" content=\"Latest Posts Small Image - Advokatfirmaet Torgersen\" \/>\n<meta property=\"og:url\" content=\"https:\/\/advokattorgersen.no\/pl\/latest-posts-small-image\/\" \/>\n<meta property=\"og:site_name\" content=\"Advokatfirmaet Torgersen\" \/>\n<meta property=\"article:publisher\" content=\"https:\/\/www.facebook.com\/advokattorgersen\/\" \/>\n<meta property=\"og:image\" content=\"https:\/\/advokattorgersen.no\/wp-content\/uploads\/2018\/03\/Henlagt-voldtekt-hender1-1.jpg\" \/>\n\t<meta property=\"og:image:width\" content=\"800\" \/>\n\t<meta property=\"og:image:height\" content=\"533\" \/>\n\t<meta property=\"og:image:type\" content=\"image\/jpeg\" \/>\n<meta name=\"twitter:card\" content=\"summary_large_image\" \/>\n<meta name=\"twitter:label1\" content=\"Szacowany czas czytania\" \/>\n\t<meta name=\"twitter:data1\" content=\"1 minuta\" \/>\n<script type=\"application\/ld+json\" class=\"yoast-schema-graph\">{\"@context\":\"https:\/\/schema.org\",\"@graph\":[{\"@type\":\"WebPage\",\"@id\":\"https:\/\/advokattorgersen.no\/latest-posts-small-image\/\",\"url\":\"https:\/\/advokattorgersen.no\/latest-posts-small-image\/\",\"name\":\"Latest Posts Small Image - Advokatfirmaet Torgersen\",\"isPartOf\":{\"@id\":\"https:\/\/advokattorgersen.no\/#website\"},\"datePublished\":\"2014-03-25T11:23:18+00:00\",\"dateModified\":\"2014-03-25T11:23:18+00:00\",\"breadcrumb\":{\"@id\":\"https:\/\/advokattorgersen.no\/latest-posts-small-image\/#breadcrumb\"},\"inLanguage\":\"pl-PL\",\"potentialAction\":[{\"@type\":\"ReadAction\",\"target\":[\"https:\/\/advokattorgersen.no\/latest-posts-small-image\/\"]}]},{\"@type\":\"BreadcrumbList\",\"@id\":\"https:\/\/advokattorgersen.no\/latest-posts-small-image\/#breadcrumb\",\"itemListElement\":[{\"@type\":\"ListItem\",\"position\":1,\"name\":\"Home\",\"item\":\"https:\/\/advokattorgersen.no\/\"},{\"@type\":\"ListItem\",\"position\":2,\"name\":\"Latest Posts Small Image\"}]},{\"@type\":\"WebSite\",\"@id\":\"https:\/\/advokattorgersen.no\/#website\",\"url\":\"https:\/\/advokattorgersen.no\/\",\"name\":\"Advokatfirmaet Torgersen\",\"description\":\"\",\"publisher\":{\"@id\":\"https:\/\/advokattorgersen.no\/#organization\"},\"potentialAction\":[{\"@type\":\"SearchAction\",\"target\":{\"@type\":\"EntryPoint\",\"urlTemplate\":\"https:\/\/advokattorgersen.no\/?s={search_term_string}\"},\"query-input\":\"required name=search_term_string\"}],\"inLanguage\":\"pl-PL\"},{\"@type\":\"Organization\",\"@id\":\"https:\/\/advokattorgersen.no\/#organization\",\"name\":\"Advokatfirmaet Torgersen\",\"url\":\"https:\/\/advokattorgersen.no\/\",\"sameAs\":[\"https:\/\/www.linkedin.com\/company\/advokatfirmaet-torgersen\/\",\"https:\/\/www.facebook.com\/advokattorgersen\/\"],\"logo\":{\"@type\":\"ImageObject\",\"inLanguage\":\"pl-PL\",\"@id\":\"https:\/\/advokattorgersen.no\/#\/schema\/logo\/image\/\",\"url\":\"http:\/\/advokattorgersen.no\/wp-content\/uploads\/2017\/11\/advokatfirma-torgersen-logo-2-kopi.png\",\"contentUrl\":\"http:\/\/advokattorgersen.no\/wp-content\/uploads\/2017\/11\/advokatfirma-torgersen-logo-2-kopi.png\",\"width\":500,\"height\":117,\"caption\":\"Advokatfirmaet Torgersen\"},\"image\":{\"@id\":\"https:\/\/advokattorgersen.no\/#\/schema\/logo\/image\/\"}}]}<\/script>\n<!-- \/ Yoast SEO plugin. -->","yoast_head_json":{"title":"Latest Posts Small Image - Advokatfirmaet Torgersen","robots":{"index":"index","follow":"follow","max-snippet":"max-snippet:-1","max-image-preview":"max-image-preview:large","max-video-preview":"max-video-preview:-1"},"canonical":"https:\/\/advokattorgersen.no\/pl\/latest-posts-small-image\/","og_locale":"pl_PL","og_type":"article","og_title":"Latest Posts Small Image - Advokatfirmaet Torgersen","og_url":"https:\/\/advokattorgersen.no\/pl\/latest-posts-small-image\/","og_site_name":"Advokatfirmaet Torgersen","article_publisher":"https:\/\/www.facebook.com\/advokattorgersen\/","og_image":[{"width":800,"height":533,"url":"https:\/\/advokattorgersen.no\/wp-content\/uploads\/2018\/03\/Henlagt-voldtekt-hender1-1.jpg","type":"image\/jpeg"}],"twitter_card":"summary_large_image","twitter_misc":{"Szacowany czas czytania":"1 minuta"},"schema":{"@context":"https:\/\/schema.org","@graph":[{"@type":"WebPage","@id":"https:\/\/advokattorgersen.no\/latest-posts-small-image\/","url":"https:\/\/advokattorgersen.no\/latest-posts-small-image\/","name":"Latest Posts Small Image - Advokatfirmaet Torgersen","isPartOf":{"@id":"https:\/\/advokattorgersen.no\/#website"},"datePublished":"2014-03-25T11:23:18+00:00","dateModified":"2014-03-25T11:23:18+00:00","breadcrumb":{"@id":"https:\/\/advokattorgersen.no\/latest-posts-small-image\/#breadcrumb"},"inLanguage":"pl-PL","potentialAction":[{"@type":"ReadAction","target":["https:\/\/advokattorgersen.no\/latest-posts-small-image\/"]}]},{"@type":"BreadcrumbList","@id":"https:\/\/advokattorgersen.no\/latest-posts-small-image\/#breadcrumb","itemListElement":[{"@type":"ListItem","position":1,"name":"Home","item":"https:\/\/advokattorgersen.no\/"},{"@type":"ListItem","position":2,"name":"Latest Posts Small Image"}]},{"@type":"WebSite","@id":"https:\/\/advokattorgersen.no\/#website","url":"https:\/\/advokattorgersen.no\/","name":"Advokatfirmaet Torgersen","description":"","publisher":{"@id":"https:\/\/advokattorgersen.no\/#organization"},"potentialAction":[{"@type":"SearchAction","target":{"@type":"EntryPoint","urlTemplate":"https:\/\/advokattorgersen.no\/?s={search_term_string}"},"query-input":"required name=search_term_string"}],"inLanguage":"pl-PL"},{"@type":"Organization","@id":"https:\/\/advokattorgersen.no\/#organization","name":"Advokatfirmaet Torgersen","url":"https:\/\/advokattorgersen.no\/","sameAs":["https:\/\/www.linkedin.com\/company\/advokatfirmaet-torgersen\/","https:\/\/www.facebook.com\/advokattorgersen\/"],"logo":{"@type":"ImageObject","inLanguage":"pl-PL","@id":"https:\/\/advokattorgersen.no\/#\/schema\/logo\/image\/","url":"http:\/\/advokattorgersen.no\/wp-content\/uploads\/2017\/11\/advokatfirma-torgersen-logo-2-kopi.png","contentUrl":"http:\/\/advokattorgersen.no\/wp-content\/uploads\/2017\/11\/advokatfirma-torgersen-logo-2-kopi.png","width":500,"height":117,"caption":"Advokatfirmaet Torgersen"},"image":{"@id":"https:\/\/advokattorgersen.no\/#\/schema\/logo\/image\/"}}]}},"_links":{"self":[{"href":"https:\/\/advokattorgersen.no\/pl\/wp-json\/wp\/v2\/pages\/13708"}],"collection":[{"href":"https:\/\/advokattorgersen.no\/pl\/wp-json\/wp\/v2\/pages"}],"about":[{"href":"https:\/\/advokattorgersen.no\/pl\/wp-json\/wp\/v2\/types\/page"}],"author":[{"embeddable":true,"href":"https:\/\/advokattorgersen.no\/pl\/wp-json\/wp\/v2\/users\/1"}],"replies":[{"embeddable":true,"href":"https:\/\/advokattorgersen.no\/pl\/wp-json\/wp\/v2\/comments?post=13708"}],"version-history":[{"count":0,"href":"https:\/\/advokattorgersen.no\/pl\/wp-json\/wp\/v2\/pages\/13708\/revisions"}],"wp:attachment":[{"href":"https:\/\/advokattorgersen.no\/pl\/wp-json\/wp\/v2\/media?parent=13708"}],"curies":[{"name":"wp","href":"https:\/\/api.w.org\/{rel}","templated":true}]}}