{"id":16268,"date":"2018-02-11T16:16:43","date_gmt":"2018-02-11T16:16:43","guid":{"rendered":"http:\/\/advokattorgersen.no\/?page_id=16268"},"modified":"2024-02-16T10:45:28","modified_gmt":"2024-02-16T10:45:28","slug":"yrkessykdom","status":"publish","type":"page","link":"https:\/\/advokattorgersen.no\/pl\/yrkessykdom\/","title":{"rendered":"Chorba zawodowa"},"content":{"rendered":"<div      class=\"vc_row wpb_row section vc_row-fluid\" style=' text-align:left;'><div class=\"full_section_inner clearfix\"><div class=\"wpb_column vc_column_container vc_col-sm-6\"><div class=\"vc_column-inner\"><div class=\"wpb_wrapper\">\n\t<div class=\"wpb_text_column wpb_content_element\">\n\t\t<div class=\"wpb_wrapper\">\n\t\t\t<h1><span style=\"color: #3c4974;\"><strong>Odszkodowanie za szkody wynik\u0142e z choroby zawodowej<\/strong><\/span><\/h1>\n<h2><\/h2>\n<p>&nbsp;<\/p>\n<h2><span style=\"color: #3c4974;\"><strong>Czy dolega ci przypadkiem jaka\u015b choroba, kt\u00f3ra mog\u0142a by\u0107 spowodowana negatywnymi czynnikami wyst\u0119puj\u0105cymi w twoim miejscu pracy?<\/strong><\/span><\/h2>\n\n\t\t<\/div> \n\t<\/div> \t<div class=\"vc_empty_space\"  style=\"height: 32px\" ><span\n\t\t\tclass=\"vc_empty_space_inner\">\n\t\t\t<span class=\"empty_space_image\"  ><\/span>\n\t\t<\/span><\/div>\n\n\n\t<div class=\"wpb_text_column wpb_content_element\">\n\t\t<div class=\"wpb_wrapper\">\n\t\t\t<p>Masz prawo do otrzymania odszkodowania w przypadku wypadku w pracy. Przyznanie odszkodowania nie zale\u017cy od winy. Typowe schorzenia, kt\u00f3re mog\u0105 stanowi\u0107 podstaw\u0119 do ubiegania si\u0119 o odszkodowanie, to: astma, choroby p\u0142uc, choroby wynikaj\u0105ce z zatrucia lub innych skutk\u00f3w chemicznych, uszkodzenia s\u0142uchu oraz reakcje alergiczne.<\/p>\n<p>&nbsp;<\/p>\n<p>Istniej\u0105 pewne grupy zawodowe, kt\u00f3re s\u0105 szczeg\u00f3lnie nara\u017cone na pewne ryzyko. W\u015br\u00f3d nich mo\u017cna wymieni\u0107 piekarzy, fryzjer\u00f3w oraz pracownik\u00f3w przemys\u0142owych.<\/p>\n<p>&nbsp;<\/p>\n<p>Cz\u0119sto pojawiaj\u0105 si\u0119 zawi\u0142e kwestie dotycz\u0105ce daty diagnozy choroby i wyboru odpowiedniego ubezpieczyciela, kt\u00f3ry zajmie si\u0119 tym przypadkiem. Za odpowiedzialno\u015b\u0107 w tym zakresie odpowiada ubezpieczyciel pracodawcy, z kt\u00f3rym by\u0142e\u015b zatrudniony w momencie, kiedy po raz pierwszy szuka\u0142e\u015b lekarza lecz\u0105cego t\u0119 chorob\u0119. Cz\u0119sto taka sytuacja mo\u017ce wydarzy\u0107 si\u0119 w odleg\u0142ej przesz\u0142o\u015bci. Dlatego warto skonsultowa\u0107 si\u0119 z prawnikiem specjalizuj\u0105cym si\u0119 w sprawach zwi\u0105zanych z odszkodowaniami za szkody osobowe, aby mie\u0107 pewno\u015b\u0107, \u017ce twoja sprawa zostanie odpowiednio rozwi\u0105zana.<\/p>\n<p>&nbsp;<\/p>\n<p>Choroba zawodowa jest uto\u017csamiana z wypadkiem przy pracy i przys\u0142uguje jej taka sama ochrona prawna, jak w przypadku wypadku przy pracy.<\/p>\n<p><strong>\u00a0<\/strong><\/p>\n<p><strong>Roszczenie o odszkodowanie za chorob\u0119 zawodow\u0105<\/strong><\/p>\n<p>W przypadku wyst\u0105pienia choroby zawodowej mo\u017ce przys\u0142ugiwa\u0107 ci szereg praw, w tym m.in. mo\u017cliwo\u015b\u0107 ubiegania si\u0119 o odszkodowanie, rekompensat\u0119 za utrat\u0119 dochod\u00f3w, wsparcie w utracie pracy domowej oraz pokrycie dodatkowych wydatk\u00f3w.<\/p>\n<p>&nbsp;<\/p>\n<p>Je\u017celi pracujesz dla pa\u0144stwa lub gminy, istnieje mo\u017cliwo\u015b\u0107 skorzystania z specjalnych przywilej\u00f3w okre\u015blonych w Og\u00f3lnej Umowie Taryfowej (HTA). Obliczenia uwzgl\u0119dniaj\u0105 kilka zestaw\u00f3w zasad, pozwalaj\u0105c ci wybra\u0107 najkorzystniejszy dla siebie.<\/p>\n<p>&nbsp;<\/p>\n<p><strong>Ustawowe ubezpieczenie od wypadk\u00f3w przy pracy<\/strong><\/p>\n<p>W Norwegii pracodawcy maj\u0105 prawn\u0105 odpowiedzialno\u015b\u0107 za zakupienie ubezpieczenia od wypadk\u00f3w przy pracy dla swoich pracownik\u00f3w. Dzi\u0119ki temu masz, jako pracownik, zapewnione bezpiecze\u0144stwo w przypadku choroby zawodowej. W przypadku takiej choroby zg\u0142aszasz j\u0105 odpowiedniemu ubezpieczycielowi.<\/p>\n<p>&nbsp;<\/p>\n<p><strong>Stowarzyszenie Ubezpiecze\u0144 od Wypadk\u00f3w przy Pracy<\/strong><\/p>\n<p>Co si\u0119 stanie, je\u015bli pracodawca nie ma obowi\u0105zkowego ubezpieczenia od wypadk\u00f3w przy pracy? Nie ma powodu do niepokoju. Twoje prawa pozostaj\u0105 takie same jak w przypadku posiadania ubezpieczenia. Brak obowi\u0105zkowego ubezpieczenia od wypadk\u00f3w przy pracy ze strony pracodawcy nie powinien mie\u0107 dla ciebie negatywnych konsekwencji. Zamiast sk\u0142adania roszczenia do ubezpieczyciela, sprawa jest zg\u0142aszana do Stowarzyszenia Ubezpiecze\u0144 od Wypadk\u00f3w przy Pracy (YFF), kt\u00f3re jest odpowiedzialne za rozwi\u0105zywanie takich sytuacji.<\/p>\n<p>&nbsp;<\/p>\n<p><strong>Zg\u0142oszenie choroby zawodowej<\/strong><\/p>\n<p>Pracodawca jest zobowi\u0105zany do zg\u0142oszenia choroby zawodowej zar\u00f3wno do NAV, jak i do Stowarzyszenia Ubezpiecze\u0144 od Wypadk\u00f3w przy Pracy, a wszelka dalsza komunikacja w tej sprawie odbywa si\u0119 za po\u015brednictwem tych organ\u00f3w. Niestety, do\u015bwiadczenie pokazuje, \u017ce wiele pracodawc\u00f3w zaniedbuje ten obowi\u0105zek zg\u0142aszania choroby zawodowej. Mo\u017ce to mie\u0107 wp\u0142yw na ciebie, dlatego wa\u017cne jest, aby\u015b osobi\u015bcie dopilnowa\u0142 zg\u0142oszenia choroby zawodowej.<\/p>\n<p>&nbsp;<\/p>\n<p><strong>Uzyskaj niezb\u0119dne informacje <\/strong><\/p>\n<p>Chorob\u0119 zawodow\u0105 mo\u017cesz zg\u0142osi\u0107 samodzielnie lub skorzysta\u0107 z pomocy prawnika, kt\u00f3ry pomo\u017ce ci w tej kwestii. Zalecamy skonsultowanie si\u0119 z prawnikiem specjalizuj\u0105cym si\u0119 w szkodach osobowych ju\u017c na wczesnym etapie, aby uzyska\u0107 niezb\u0119dne informacje. Ma to du\u017ce znaczenie, aby nie straci\u0107 roszcze\u0144 o odszkodowanie. Nast\u0119pnie, mo\u017cesz zdecydowa\u0107, czy chcesz samodzielnie podj\u0105\u0107 si\u0119 tej sprawy, czy te\u017c skorzysta\u0107 z pomocy prawnika. Wielu ludzi nie jest \u015bwiadomych tego, \u017ce z regu\u0142y ubezpieczyciel musi pokry\u0107 odpowiednie i uzasadnione koszty pomocy prawnej od pocz\u0105tkowych etap\u00f3w wsp\u00f3\u0142pracy z nimi.<\/p>\n<p><strong>\u00a0<\/strong><\/p>\n<p><strong>Dodatkowe ubezpieczenia po wyst\u0105pieniu choroby zawodowej<\/strong><\/p>\n<p>Opr\u00f3cz zg\u0142oszenia sprawy do NAV i Stowarzyszenia Ubezpiecze\u0144 od Wypadk\u00f3w przy Pracy, mog\u0105 istnie\u0107 inne organy, kt\u00f3re nale\u017cy powiadomi\u0107. To mo\u017ce by\u0107 konieczne, je\u015bli posiadasz prywatne lub zbiorowe ubezpieczenie. Przyjrzymy si\u0119 razem ca\u0142ej sprawie, aby\u015b otrzyma\u0142 wszystkie potrzebne informacje.<\/p>\n<p>&nbsp;<\/p>\n<p><strong>Czy w przypadku choroby zawodowej s\u0105 refundowane koszty pomocy prawnej?<\/strong><\/p>\n<p>Je\u017celi dosz\u0142o do nara\u017cenia na chorob\u0119 zawodow\u0105, to masz prawo \u017c\u0105da\u0107, aby odpowiednia firma ubezpieczeniowa pokry\u0142a wszystkie niezb\u0119dne i uzasadnione koszty zwi\u0105zane z pomoc\u0105 prawn\u0105 dotycz\u0105c\u0105 tej choroby.<\/p>\n<p>&nbsp;<\/p>\n<p><strong>Zapraszamy do kontaktu\u00a0<\/strong><\/p>\n<p>Do\u015bwiadczenie potwierdza, \u017ce skorzystanie z pomocy prawnika specjalizuj\u0105cego si\u0119 w obra\u017ceniach cia\u0142a jest kluczowe, je\u015bli chcemy osi\u0105gn\u0105\u0107 po\u017c\u0105dane rezultaty. W tym obszarze adwokat Anette Torgersen jest niezr\u00f3wnana pod wzgl\u0119dem do\u015bwiadczenia w dochodzeniu odszkodowa\u0144.<\/p>\n\n\t\t<\/div> \n\t<\/div> \t<div class=\"vc_empty_space\"  style=\"height: 32px\" ><span\n\t\t\tclass=\"vc_empty_space_inner\">\n\t\t\t<span class=\"empty_space_image\"  ><\/span>\n\t\t<\/span><\/div>\n\n\n\t<div class=\"wpb_text_column wpb_content_element\">\n\t\t<div class=\"wpb_wrapper\">\n\t\t\t<h2><span style=\"color: #3c4974;\">Serdecznie zapraszamy do skorzystania z naszej bezp\u0142atnej i niezobowi\u0105zuj\u0105cej rozmowy. Mo\u017cesz skontaktowa\u0107 si\u0119 bezpo\u015brednio z adwokatem Anette Torgersen pod numerem telefonu 98672929 lub wys\u0142a\u0107 e-maila na adres at@advokattorgersen.no.<\/span><\/h2>\n\n\t\t<\/div> \n\t<\/div> <\/div><\/div><\/div><div class=\"wpb_column vc_column_container vc_col-sm-2\"><div class=\"vc_column-inner\"><div class=\"wpb_wrapper\"><\/div><\/div><\/div><div class=\"wpb_column vc_column_container vc_col-sm-4\"><div class=\"vc_column-inner\"><div class=\"wpb_wrapper\">\t<div class=\"vc_empty_space\"  style=\"height: 12px\" ><span\n\t\t\tclass=\"vc_empty_space_inner\">\n\t\t\t<span class=\"empty_space_image\"  ><\/span>\n\t\t<\/span><\/div>\n\n<div class='q_elements_holder one_column responsive_mode_from_768'  style='background-color:#709f9e'><div class='q_elements_item' data-animation='no' data-item-class='q_elements_holder_custom_301740' style='vertical-align:top;'><div class='q_elements_item_inner'><div class='q_elements_item_content q_elements_holder_custom_301740' style='padding:40px 37px 0'>\n\t<div class=\"wpb_text_column wpb_content_element\">\n\t\t<div class=\"wpb_wrapper\">\n\t\t\t<h3 style=\"text-align: center;\">Zapraszam ci\u0119 do um\u00f3wienia si\u0119 na darmow\u0105 konsultacj\u0119, podczas kt\u00f3rej om\u00f3wimy szczeg\u00f3\u0142y twojej sprawy.<\/h3>\n\n\t\t<\/div> \n\t<\/div> \t<div class=\"vc_empty_space\"  style=\"height: 29px\" ><span\n\t\t\tclass=\"vc_empty_space_inner\">\n\t\t\t<span class=\"empty_space_image\"  ><\/span>\n\t\t<\/span><\/div>\n\n<div role=\"form\" class=\"wpcf7\" id=\"wpcf7-f16463-o1\" lang=\"en-US\" dir=\"ltr\">\n<div class=\"screen-reader-response\"><p role=\"status\" aria-live=\"polite\" aria-atomic=\"true\"><\/p> <ul><\/ul><\/div>\n<form action=\"\/pl\/wp-json\/wp\/v2\/pages\/16268#wpcf7-f16463-o1\" method=\"post\" class=\"wpcf7-form init cf7_custom_style_1\" novalidate=\"novalidate\" data-status=\"init\" data-trp-original-action=\"\/pl\/wp-json\/wp\/v2\/pages\/16268#wpcf7-f16463-o1\">\n<div style=\"display: none;\">\n<input type=\"hidden\" name=\"_wpcf7\" value=\"16463\" \/>\n<input type=\"hidden\" name=\"_wpcf7_version\" value=\"5.6.3\" \/>\n<input type=\"hidden\" name=\"_wpcf7_locale\" value=\"en_US\" \/>\n<input type=\"hidden\" name=\"_wpcf7_unit_tag\" value=\"wpcf7-f16463-o1\" \/>\n<input type=\"hidden\" name=\"_wpcf7_container_post\" value=\"0\" \/>\n<input type=\"hidden\" name=\"_wpcf7_posted_data_hash\" value=\"\" \/>\n<\/div>\n<p><label> Twoje imi\u0119 (wymagane)<br \/>\n    <span class=\"wpcf7-form-control-wrap\" data-name=\"your-name\"><input type=\"text\" name=\"your-name\" value=\"\" size=\"40\" class=\"wpcf7-form-control wpcf7-text wpcf7-validates-as-required\" aria-required=\"true\" aria-invalid=\"false\" \/><\/span> <\/label><\/p>\n<p><label> E-mail (wymagane)<br \/>\n    <span class=\"wpcf7-form-control-wrap\" data-name=\"your-email\"><input type=\"email\" name=\"your-email\" value=\"\" size=\"40\" class=\"wpcf7-form-control wpcf7-text wpcf7-email wpcf7-validates-as-required wpcf7-validates-as-email\" aria-required=\"true\" aria-invalid=\"false\" \/><\/span> <\/label><\/p>\n<p><label> Telefon<br \/>\n<span class=\"wpcf7-form-control-wrap\" data-name=\"your-tel\"><input type=\"tel\" name=\"your-tel\" value=\"\" size=\"40\" class=\"wpcf7-form-control wpcf7-text wpcf7-tel wpcf7-validates-as-tel\" aria-invalid=\"false\" \/><\/span><\/label><\/p>\n<p><label> Twoja wiadomo\u015b\u0107<br \/>\n    <span class=\"wpcf7-form-control-wrap\" data-name=\"your-message\"><textarea name=\"your-message\" cols=\"40\" rows=\"10\" class=\"wpcf7-form-control wpcf7-textarea\" aria-invalid=\"false\"><\/textarea><\/span> <\/label><\/p>\n<p><span class=\"wpcf7-form-control-wrap\" data-name=\"opt-in\"><span class=\"wpcf7-form-control wpcf7-checkbox\"><span class=\"wpcf7-list-item first last\"><input type=\"checkbox\" name=\"opt-in[]\" value=\"Ja takk, meld meg p\u00e5 nyhetsbrevet\" \/><span class=\"wpcf7-list-item-label\">Tak, prosz\u0119 o zapisanie mnie do newslettera<\/span><\/span><\/span><\/span><\/p>\n<div id=\"cf7sr-69ee1fdc853e2\" class=\"cf7sr-g-recaptcha\" data-theme=\"light\" data-type=\"image\" data-size=\"normal\" data-sitekey=\"6LfBcVsqAAAAAKAoCvAto5lD4axLDePjqQoGpC3Q\"><\/div><span class=\"wpcf7-form-control-wrap cf7sr-recaptcha\" data-name=\"cf7sr-recaptcha\"><input type=\"hidden\" name=\"cf7sr-recaptcha\" value=\"\" class=\"wpcf7-form-control\"><\/span><br \/>\n<input type=\"submit\" value=\"Wy\u015blij\" class=\"wpcf7-form-control has-spinner wpcf7-submit\" \/><\/p>\n<div class=\"wpcf7-response-output\" aria-hidden=\"true\"><\/div><input type=\"hidden\" name=\"trp-form-language\" value=\"pl\"\/><\/form><\/div><\/div><\/div><\/div><\/div><\/div><\/div><\/div><\/div><\/div><div      class=\"vc_row wpb_row section vc_row-fluid\" style=' text-align:left;'><div class=\"full_section_inner clearfix\"><div class=\"wpb_column vc_column_container vc_col-sm-12\"><div class=\"vc_column-inner\"><div class=\"wpb_wrapper\">\t<div class=\"vc_empty_space\"  style=\"height: 70px\" ><span\n\t\t\tclass=\"vc_empty_space_inner\">\n\t\t\t<span class=\"empty_space_image\"  ><\/span>\n\t\t<\/span><\/div>\n\n<div class=\"vc_text_separator wpb_content_element full separator_align_center\"><div style=''><span>Artikler om yrkessykdom<\/span><\/div><\/div>\n\t<div class=\"vc_empty_space\"  style=\"height: 32px\" ><span\n\t\t\tclass=\"vc_empty_space_inner\">\n\t\t\t<span class=\"empty_space_image\"  ><\/span>\n\t\t<\/span><\/div>\n\n\n<div class='latest_post_holder boxes three_columns three_rows' >\n    <ul>\n    \n        <li class=\"clearfix\">\n            <div class=\"boxes_image\">\n                                <a itemprop=\"url\" href=\"https:\/\/advokattorgersen.no\/pl\/2023\/11\/06\/ny-voldserstatningslov-har-medfort-alvorlige-svekkelser-av-rettighetene-til-de-som-har-blitt-utsatt-for-vold-og-overgrep\/\"><img width=\"539\" height=\"303\" src=\"https:\/\/advokattorgersen.no\/wp-content\/uploads\/2023\/11\/Anette-og-logo-satt-sammen-539x303.jpg\" class=\"attachment-latest_post_boxes size-latest_post_boxes wp-post-image\" alt=\"vold\" loading=\"lazy\" \/><\/a>\n            <\/div>\n            <div class=\"latest_post\"   style=\"&#039;\" padding-left:0; padding-right:0; &#039;>\n                <div class=\"latest_post_text\">\n                    <div class=\"latest_post_inner\">\n                        <div class=\"latest_post_text_inner\">\n                            <h5 itemprop=\"name\" class=\"latest_post_title entry_title\"><a itemprop=\"url\" href=\"https:\/\/advokattorgersen.no\/pl\/2023\/11\/06\/ny-voldserstatningslov-har-medfort-alvorlige-svekkelser-av-rettighetene-til-de-som-har-blitt-utsatt-for-vold-og-overgrep\/\">Ny voldserstatningslov har medf\u00f8rt alvorlige svekkelser av rettighetene til de som har blitt utsatt for vold og overgrep<\/a><\/h5>\n                            <p class=\"excerpt\">NRK har tatt kontakt med bistandsadvokat Anette Torgersen for \u00e5 f\u00e5 hennes synspunkter rundt lovendringene. Etter lovendringene som tr\u00e5dte i kraft den 01.01.2023 har det blitt langt vanskeligere for de som har blitt utsatt for vold og overgrep \u00e5 f\u00e5 de...<\/p>\n                            <span class=\"post_infos\">\n                                                                                                \n                                \n                                                            <\/span>\n                        <\/div>\n                    <\/div>\n                <\/div>\n            <\/div>\n        <\/li>\n    \n        <li class=\"clearfix\">\n            <div class=\"boxes_image\">\n                                <a itemprop=\"url\" href=\"https:\/\/advokattorgersen.no\/pl\/2022\/10\/02\/din-erstatning-kan-ga-tapt-dersom-du-ikke-soker-voldsoffererstatning-for-1-januar-2023\/\"><img width=\"539\" height=\"303\" src=\"https:\/\/advokattorgersen.no\/wp-content\/uploads\/2021\/12\/HAN_0873-539x303.jpg\" class=\"attachment-latest_post_boxes size-latest_post_boxes wp-post-image\" alt=\"erstatning\" loading=\"lazy\" \/><\/a>\n            <\/div>\n            <div class=\"latest_post\"   style=\"&#039;\" padding-left:0; padding-right:0; &#039;>\n                <div class=\"latest_post_text\">\n                    <div class=\"latest_post_inner\">\n                        <div class=\"latest_post_text_inner\">\n                            <h5 itemprop=\"name\" class=\"latest_post_title entry_title\"><a itemprop=\"url\" href=\"https:\/\/advokattorgersen.no\/pl\/2022\/10\/02\/din-erstatning-kan-ga-tapt-dersom-du-ikke-soker-voldsoffererstatning-for-1-januar-2023\/\">Din erstatning kan g\u00e5 tapt dersom du ikke s\u00f8ker voldsoffererstatning f\u00f8r 1. januar 2023<\/a><\/h5>\n                            <p class=\"excerpt\">Mange av de som har blitt utsatt for vold eller overgrep i perioden 1. januar 1975 \u2013 1. januar 2022 kan miste sin rett til erstatning dersom det ikke s\u00f8kes om erstatning f\u00f8r 1. januar 2023. -Men det trenger fortsatt ikke v\u00e6re for sent \u00e5 fremsette ers...<\/p>\n                            <span class=\"post_infos\">\n                                                                                                \n                                \n                                                            <\/span>\n                        <\/div>\n                    <\/div>\n                <\/div>\n            <\/div>\n        <\/li>\n    \n        <li class=\"clearfix\">\n            <div class=\"boxes_image\">\n                                <a itemprop=\"url\" href=\"https:\/\/advokattorgersen.no\/pl\/2022\/02\/24\/advokatfirmaet-torgersen-hadde-et-hyggelig-besok-av-advokatwatch\/\"><img width=\"539\" height=\"303\" src=\"https:\/\/advokattorgersen.no\/wp-content\/uploads\/2022\/02\/aurora-539x303.jpg\" class=\"attachment-latest_post_boxes size-latest_post_boxes wp-post-image\" alt=\"\" loading=\"lazy\" srcset=\"https:\/\/advokattorgersen.no\/wp-content\/uploads\/2022\/02\/aurora-539x303.jpg 539w, https:\/\/advokattorgersen.no\/wp-content\/uploads\/2022\/02\/aurora-300x169.jpg 300w, https:\/\/advokattorgersen.no\/wp-content\/uploads\/2022\/02\/aurora-1024x575.jpg 1024w, https:\/\/advokattorgersen.no\/wp-content\/uploads\/2022\/02\/aurora-768x431.jpg 768w, https:\/\/advokattorgersen.no\/wp-content\/uploads\/2022\/02\/aurora-1536x863.jpg 1536w, https:\/\/advokattorgersen.no\/wp-content\/uploads\/2022\/02\/aurora-700x393.jpg 700w, https:\/\/advokattorgersen.no\/wp-content\/uploads\/2022\/02\/aurora.jpg 1750w\" sizes=\"(max-width: 539px) 100vw, 539px\" \/><\/a>\n            <\/div>\n            <div class=\"latest_post\"   style=\"&#039;\" padding-left:0; padding-right:0; &#039;>\n                <div class=\"latest_post_text\">\n                    <div class=\"latest_post_inner\">\n                        <div class=\"latest_post_text_inner\">\n                            <h5 itemprop=\"name\" class=\"latest_post_title entry_title\"><a itemprop=\"url\" href=\"https:\/\/advokattorgersen.no\/pl\/2022\/02\/24\/advokatfirmaet-torgersen-hadde-et-hyggelig-besok-av-advokatwatch\/\">Advokatfirmaet Torgersen hadde et hyggelig bes\u00f8k av AdvokatWatch<\/a><\/h5>\n                            <p class=\"excerpt\">AdvokatWatch tok kontakt med Advokatfirmaet Torgersen i forbindelse med nyansettelse. Advokatfirmaet Torgersen har \u00f8kende oppdragsmengde, og har ansatt Aurora Valdivia Ros\u00e9n som kontormedarbeider. ...<\/p>\n                            <span class=\"post_infos\">\n                                                                                                \n                                \n                                                            <\/span>\n                        <\/div>\n                    <\/div>\n                <\/div>\n            <\/div>\n        <\/li>\n    \n        <li class=\"clearfix\">\n            <div class=\"boxes_image\">\n                                <a itemprop=\"url\" href=\"https:\/\/advokattorgersen.no\/pl\/2021\/12\/27\/advokatforeningens-hovedstyre-har-oppnevnt-anette-torgersen-som-medlem-av-bistandsadvokatutvalget\/\"><img width=\"539\" height=\"303\" src=\"https:\/\/advokattorgersen.no\/wp-content\/uploads\/2021\/12\/HAN_0873-539x303.jpg\" class=\"attachment-latest_post_boxes size-latest_post_boxes wp-post-image\" alt=\"erstatning\" loading=\"lazy\" \/><\/a>\n            <\/div>\n            <div class=\"latest_post\"   style=\"&#039;\" padding-left:0; padding-right:0; &#039;>\n                <div class=\"latest_post_text\">\n                    <div class=\"latest_post_inner\">\n                        <div class=\"latest_post_text_inner\">\n                            <h5 itemprop=\"name\" class=\"latest_post_title entry_title\"><a itemprop=\"url\" href=\"https:\/\/advokattorgersen.no\/pl\/2021\/12\/27\/advokatforeningens-hovedstyre-har-oppnevnt-anette-torgersen-som-medlem-av-bistandsadvokatutvalget\/\">Advokatforeningens hovedstyre har oppnevnt Anette Torgersen som medlem av bistandsadvokatutvalget<\/a><\/h5>\n                            <p class=\"excerpt\">Det er stor konkurranse om \u00e5 sitte i Advokatforeningens utvalg. Det er et prestisjefullt verv, hvor medlemmene blant annet er med p\u00e5 \u00e5 p\u00e5virke rettsutviklingen. Bistandsadvokatutvalget best\u00e5r av advokater med s\u00e6rlig kunnskap og interesse innenfor fag...<\/p>\n                            <span class=\"post_infos\">\n                                                                                                \n                                \n                                                            <\/span>\n                        <\/div>\n                    <\/div>\n                <\/div>\n            <\/div>\n        <\/li>\n    \n        <li class=\"clearfix\">\n            <div class=\"boxes_image\">\n                                <a itemprop=\"url\" href=\"https:\/\/advokattorgersen.no\/pl\/2020\/04\/20\/du-kan-ha-krav-pa-erstatning-selv-om-straffesaken-er-henlagt\/\"><img width=\"539\" height=\"303\" src=\"https:\/\/advokattorgersen.no\/wp-content\/uploads\/2020\/04\/screenshot-av-nettsidevideo-erstatning-etter-henlagt-straffesak-539x303.png\" class=\"attachment-latest_post_boxes size-latest_post_boxes wp-post-image\" alt=\"erstatning\" loading=\"lazy\" srcset=\"https:\/\/advokattorgersen.no\/wp-content\/uploads\/2020\/04\/screenshot-av-nettsidevideo-erstatning-etter-henlagt-straffesak-539x303.png 539w, https:\/\/advokattorgersen.no\/wp-content\/uploads\/2020\/04\/screenshot-av-nettsidevideo-erstatning-etter-henlagt-straffesak-300x170.png 300w\" sizes=\"(max-width: 539px) 100vw, 539px\" \/><\/a>\n            <\/div>\n            <div class=\"latest_post\"   style=\"&#039;\" padding-left:0; padding-right:0; &#039;>\n                <div class=\"latest_post_text\">\n                    <div class=\"latest_post_inner\">\n                        <div class=\"latest_post_text_inner\">\n                            <h5 itemprop=\"name\" class=\"latest_post_title entry_title\"><a itemprop=\"url\" href=\"https:\/\/advokattorgersen.no\/pl\/2020\/04\/20\/du-kan-ha-krav-pa-erstatning-selv-om-straffesaken-er-henlagt\/\">Du kan ha krav p\u00e5 erstatning selv om straffesaken er henlagt<\/a><\/h5>\n                            <p class=\"excerpt\">Jeg har spesialisert meg p\u00e5 beregning av erstatningskrav. I denne videoen og artikkelen vil du f\u00e5 en oversikt over hvilke muligheter du har til \u00e5 kreve erstatning etter en henlagt straffesak, litt om hvorfor det er s\u00e5nn, og hvilke erstatningsposter s...<\/p>\n                            <span class=\"post_infos\">\n                                                                                                \n                                \n                                                            <\/span>\n                        <\/div>\n                    <\/div>\n                <\/div>\n            <\/div>\n        <\/li>\n    \n        <li class=\"clearfix\">\n            <div class=\"boxes_image\">\n                                <a itemprop=\"url\" href=\"https:\/\/advokattorgersen.no\/pl\/2020\/04\/06\/oppreisning-pa-kr-150-000-innvilget-selv-om-politiet-henla-voldtektssaken\/\"><img width=\"539\" height=\"303\" src=\"https:\/\/advokattorgersen.no\/wp-content\/uploads\/2020\/04\/Vold-539x303.jpg\" class=\"attachment-latest_post_boxes size-latest_post_boxes wp-post-image\" alt=\"oppreisning\" loading=\"lazy\" \/><\/a>\n            <\/div>\n            <div class=\"latest_post\"   style=\"&#039;\" padding-left:0; padding-right:0; &#039;>\n                <div class=\"latest_post_text\">\n                    <div class=\"latest_post_inner\">\n                        <div class=\"latest_post_text_inner\">\n                            <h5 itemprop=\"name\" class=\"latest_post_title entry_title\"><a itemprop=\"url\" href=\"https:\/\/advokattorgersen.no\/pl\/2020\/04\/06\/oppreisning-pa-kr-150-000-innvilget-selv-om-politiet-henla-voldtektssaken\/\">Oppreisning p\u00e5 kr 150.000 innvilget selv om politiet henla voldtektssaken<\/a><\/h5>\n                            <p class=\"excerpt\">Med bistand fra advokat Anette Torgersen ble kvinnen innvilget kr 150.000 i oppreisning selv om politiet hadde henlagt voldtektssaken. Kvinnen f\u00f8lte seg trodd igjen, og dette hjalp henne videre i bearbeidelsen av sine traumer etter voldtekten....<\/p>\n                            <span class=\"post_infos\">\n                                                                                                \n                                \n                                                            <\/span>\n                        <\/div>\n                    <\/div>\n                <\/div>\n            <\/div>\n        <\/li>\n    \n        <li class=\"clearfix\">\n            <div class=\"boxes_image\">\n                                <a itemprop=\"url\" href=\"https:\/\/advokattorgersen.no\/pl\/2019\/03\/17\/klage-pa-henleggelse-av-gruppevoldtekt-forte-frem-videre-etterforskning-ble-satt-i-gang\/\"><img width=\"539\" height=\"303\" src=\"https:\/\/advokattorgersen.no\/wp-content\/uploads\/2018\/06\/Profilbilde-av-meg-med-logo-539x303.jpg\" class=\"attachment-latest_post_boxes size-latest_post_boxes wp-post-image\" alt=\"klage\" loading=\"lazy\" \/><\/a>\n            <\/div>\n            <div class=\"latest_post\"   style=\"&#039;\" padding-left:0; padding-right:0; &#039;>\n                <div class=\"latest_post_text\">\n                    <div class=\"latest_post_inner\">\n                        <div class=\"latest_post_text_inner\">\n                            <h5 itemprop=\"name\" class=\"latest_post_title entry_title\"><a itemprop=\"url\" href=\"https:\/\/advokattorgersen.no\/pl\/2019\/03\/17\/klage-pa-henleggelse-av-gruppevoldtekt-forte-frem-videre-etterforskning-ble-satt-i-gang\/\">Klage p\u00e5 henleggelse av gruppevoldtekt f\u00f8rte frem | Videre etterforskning ble satt i gang<\/a><\/h5>\n                            <p class=\"excerpt\">Riksadvokaten var enig med advokat Anette Torgersen i at politiet ikke hadde gjort god nok etterforskning av gruppevoldtekten, og ga medhold i klage fra advokat Torgersen. Riksadvokaten beordret videre etterforskning av gruppevoldtekten....<\/p>\n                            <span class=\"post_infos\">\n                                                                                                \n                                \n                                                            <\/span>\n                        <\/div>\n                    <\/div>\n                <\/div>\n            <\/div>\n        <\/li>\n    \n        <li class=\"clearfix\">\n            <div class=\"boxes_image\">\n                                <a itemprop=\"url\" href=\"https:\/\/advokattorgersen.no\/pl\/2019\/01\/29\/du-har-rett-til-a-ha-med-deg-bistandsadvokaten-din-i-avhor-hos-politiet\/\"><img width=\"539\" height=\"303\" src=\"https:\/\/advokattorgersen.no\/wp-content\/uploads\/2019\/01\/Politihuset-i-Stavanger-med-logo-etikett-539x303.jpg\" class=\"attachment-latest_post_boxes size-latest_post_boxes wp-post-image\" alt=\"politiavh\u00f8r\" loading=\"lazy\" \/><\/a>\n            <\/div>\n            <div class=\"latest_post\"   style=\"&#039;\" padding-left:0; padding-right:0; &#039;>\n                <div class=\"latest_post_text\">\n                    <div class=\"latest_post_inner\">\n                        <div class=\"latest_post_text_inner\">\n                            <h5 itemprop=\"name\" class=\"latest_post_title entry_title\"><a itemprop=\"url\" href=\"https:\/\/advokattorgersen.no\/pl\/2019\/01\/29\/du-har-rett-til-a-ha-med-deg-bistandsadvokaten-din-i-avhor-hos-politiet\/\">Du har rett til \u00e5 ha med deg bistandsadvokaten din i politiavh\u00f8r<\/a><\/h5>\n                            <p class=\"excerpt\">I forrige uke var advokat Torgersen med sin klient i politiavh\u00f8r i Stavanger, og tingretten dekket her advokat Torgersen sine reisekostnader og arbeidet med saken. Klient fikk advokatbistand uten at dette kostet henne noe. ...<\/p>\n                            <span class=\"post_infos\">\n                                                                                                \n                                \n                                                            <\/span>\n                        <\/div>\n                    <\/div>\n                <\/div>\n            <\/div>\n        <\/li>\n    \n        <li class=\"clearfix\">\n            <div class=\"boxes_image\">\n                                <a itemprop=\"url\" href=\"https:\/\/advokattorgersen.no\/pl\/2019\/01\/17\/veldedighetsarbeid-advokat-anette-torgersen-har-na-vaert-ute-pa-oppdrag-som-mentor-for-barnas-jurist\/\"><img width=\"539\" height=\"303\" src=\"https:\/\/advokattorgersen.no\/wp-content\/uploads\/2019\/01\/anette-539x303.jpg\" class=\"attachment-latest_post_boxes size-latest_post_boxes wp-post-image\" alt=\"\" loading=\"lazy\" srcset=\"https:\/\/advokattorgersen.no\/wp-content\/uploads\/2019\/01\/anette-539x303.jpg 539w, https:\/\/advokattorgersen.no\/wp-content\/uploads\/2019\/01\/anette-300x169.jpg 300w, https:\/\/advokattorgersen.no\/wp-content\/uploads\/2019\/01\/anette-1024x575.jpg 1024w, https:\/\/advokattorgersen.no\/wp-content\/uploads\/2019\/01\/anette-768x431.jpg 768w, https:\/\/advokattorgersen.no\/wp-content\/uploads\/2019\/01\/anette-1536x863.jpg 1536w, https:\/\/advokattorgersen.no\/wp-content\/uploads\/2019\/01\/anette-700x393.jpg 700w, https:\/\/advokattorgersen.no\/wp-content\/uploads\/2019\/01\/anette.jpg 1750w\" sizes=\"(max-width: 539px) 100vw, 539px\" \/><\/a>\n            <\/div>\n            <div class=\"latest_post\"   style=\"&#039;\" padding-left:0; padding-right:0; &#039;>\n                <div class=\"latest_post_text\">\n                    <div class=\"latest_post_inner\">\n                        <div class=\"latest_post_text_inner\">\n                            <h5 itemprop=\"name\" class=\"latest_post_title entry_title\"><a itemprop=\"url\" href=\"https:\/\/advokattorgersen.no\/pl\/2019\/01\/17\/veldedighetsarbeid-advokat-anette-torgersen-har-na-vaert-ute-pa-oppdrag-som-mentor-for-barnas-jurist\/\">Veldedighetsarbeid | advokat Anette Torgersen har n\u00e5 v\u00e6rt ute p\u00e5 oppdrag som mentor for Barnas Jurist<\/a><\/h5>\n                            <p class=\"excerpt\">Advokat Anette Torgersen har takket ja til \u00e5 v\u00e6re frivillig medarbeider for Barnas jurist. Advokat Anette Torgersen har rollen som mentor og skal blant annet veilede en student gjennom arbeidet med sakene. Denne gangen bes\u00f8kte de et sted for enslige ...<\/p>\n                            <span class=\"post_infos\">\n                                                                                                \n                                \n                                                            <\/span>\n                        <\/div>\n                    <\/div>\n                <\/div>\n            <\/div>\n        <\/li>\n        <\/ul>\n<\/div><\/div><\/div><\/div><\/div><\/div>","protected":false},"excerpt":{"rendered":"Hva er Barnas Jurist? Barnas Jurist er et rettshjelpstiltak som gir gratis rettshjelp til barn og unge. Prosjektet Barnas Jurist startet opp i Oslo, og er n\u00e5 etablert som et fast tiltak. For \u00e5 hjelpe flere barn og unge med \u00e5 f\u00e5 sine grunnleggende rettigheter oppfylt er prosjektet n\u00e5 i gang i Ringeriksregionen. Advokat Anette Torgersen har bidratt med gratis r\u00e5dgivning til mindre\u00e5rige flyktninger Advokat Anette Torgersen har takket ja til \u00e5 v\u00e6re frivillig medarbeider for Barnas jurist. Advokat Anette Torgersen har rollen som mentor og skal blant annet veilede en student gjennom arbeidet med sakene. Denne gangen bes\u00f8kte de et sted for enslige mindre\u00e5rige flyktninger. Det er mange som ikke vet om sine rettigheter, s\u00e5 det er et m\u00e5l \u00e5 bidra til st\u00f8rre opplysning rundt dette. Barnas Jurist bidrar b\u00e5de med generell r\u00e5dgivning, men kan ogs\u00e5 bist\u00e5 gratis i konkrete saker. Du er velkommen til \u00e5 ta kontakt Du er velkommen til \u00e5 ta kontakt for en gratis og uforpliktende samtale. Advokat Anette Torgersen n\u00e5s direkte p\u00e5 tlf 98 67 29 29 eller at@advokattorgersen.no.","protected":false},"author":1,"featured_media":0,"parent":0,"menu_order":0,"comment_status":"closed","ping_status":"closed","template":"","meta":{"_mi_skip_tracking":false},"yoast_head":"<!-- This site is optimized with the Yoast SEO plugin v19.6.1 - https:\/\/yoast.com\/wordpress\/plugins\/seo\/ -->\n<title>Yrkessykdom - Advokatfirmaet Torgersen<\/title>\n<meta name=\"robots\" content=\"index, follow, max-snippet:-1, max-image-preview:large, max-video-preview:-1\" \/>\n<link rel=\"canonical\" href=\"https:\/\/advokattorgersen.no\/pl\/yrkessykdom\/\" \/>\n<meta property=\"og:locale\" content=\"pl_PL\" \/>\n<meta property=\"og:type\" content=\"article\" \/>\n<meta property=\"og:title\" content=\"Yrkessykdom - Advokatfirmaet Torgersen\" \/>\n<meta property=\"og:url\" content=\"https:\/\/advokattorgersen.no\/pl\/yrkessykdom\/\" \/>\n<meta property=\"og:site_name\" content=\"Advokatfirmaet Torgersen\" \/>\n<meta property=\"article:publisher\" content=\"https:\/\/www.facebook.com\/advokattorgersen\/\" \/>\n<meta property=\"article:modified_time\" content=\"2024-02-16T10:45:28+00:00\" \/>\n<meta property=\"og:image\" content=\"https:\/\/advokattorgersen.no\/wp-content\/uploads\/2018\/03\/Henlagt-voldtekt-hender1-1.jpg\" \/>\n\t<meta property=\"og:image:width\" content=\"800\" \/>\n\t<meta property=\"og:image:height\" content=\"533\" \/>\n\t<meta property=\"og:image:type\" content=\"image\/jpeg\" \/>\n<meta name=\"twitter:card\" content=\"summary_large_image\" \/>\n<meta name=\"twitter:label1\" content=\"Szacowany czas czytania\" \/>\n\t<meta name=\"twitter:data1\" content=\"3 minuty\" \/>\n<script type=\"application\/ld+json\" class=\"yoast-schema-graph\">{\"@context\":\"https:\/\/schema.org\",\"@graph\":[{\"@type\":\"WebPage\",\"@id\":\"https:\/\/advokattorgersen.no\/yrkessykdom\/\",\"url\":\"https:\/\/advokattorgersen.no\/yrkessykdom\/\",\"name\":\"Yrkessykdom - Advokatfirmaet Torgersen\",\"isPartOf\":{\"@id\":\"https:\/\/advokattorgersen.no\/#website\"},\"datePublished\":\"2018-02-11T16:16:43+00:00\",\"dateModified\":\"2024-02-16T10:45:28+00:00\",\"breadcrumb\":{\"@id\":\"https:\/\/advokattorgersen.no\/yrkessykdom\/#breadcrumb\"},\"inLanguage\":\"pl-PL\",\"potentialAction\":[{\"@type\":\"ReadAction\",\"target\":[\"https:\/\/advokattorgersen.no\/yrkessykdom\/\"]}]},{\"@type\":\"BreadcrumbList\",\"@id\":\"https:\/\/advokattorgersen.no\/yrkessykdom\/#breadcrumb\",\"itemListElement\":[{\"@type\":\"ListItem\",\"position\":1,\"name\":\"Home\",\"item\":\"https:\/\/advokattorgersen.no\/\"},{\"@type\":\"ListItem\",\"position\":2,\"name\":\"Yrkessykdom\"}]},{\"@type\":\"WebSite\",\"@id\":\"https:\/\/advokattorgersen.no\/#website\",\"url\":\"https:\/\/advokattorgersen.no\/\",\"name\":\"Advokatfirmaet Torgersen\",\"description\":\"\",\"publisher\":{\"@id\":\"https:\/\/advokattorgersen.no\/#organization\"},\"potentialAction\":[{\"@type\":\"SearchAction\",\"target\":{\"@type\":\"EntryPoint\",\"urlTemplate\":\"https:\/\/advokattorgersen.no\/?s={search_term_string}\"},\"query-input\":\"required name=search_term_string\"}],\"inLanguage\":\"pl-PL\"},{\"@type\":\"Organization\",\"@id\":\"https:\/\/advokattorgersen.no\/#organization\",\"name\":\"Advokatfirmaet Torgersen\",\"url\":\"https:\/\/advokattorgersen.no\/\",\"sameAs\":[\"https:\/\/www.linkedin.com\/company\/advokatfirmaet-torgersen\/\",\"https:\/\/www.facebook.com\/advokattorgersen\/\"],\"logo\":{\"@type\":\"ImageObject\",\"inLanguage\":\"pl-PL\",\"@id\":\"https:\/\/advokattorgersen.no\/#\/schema\/logo\/image\/\",\"url\":\"http:\/\/advokattorgersen.no\/wp-content\/uploads\/2017\/11\/advokatfirma-torgersen-logo-2-kopi.png\",\"contentUrl\":\"http:\/\/advokattorgersen.no\/wp-content\/uploads\/2017\/11\/advokatfirma-torgersen-logo-2-kopi.png\",\"width\":500,\"height\":117,\"caption\":\"Advokatfirmaet Torgersen\"},\"image\":{\"@id\":\"https:\/\/advokattorgersen.no\/#\/schema\/logo\/image\/\"}}]}<\/script>\n<!-- \/ Yoast SEO plugin. -->","yoast_head_json":{"title":"Yrkessykdom - Advokatfirmaet Torgersen","robots":{"index":"index","follow":"follow","max-snippet":"max-snippet:-1","max-image-preview":"max-image-preview:large","max-video-preview":"max-video-preview:-1"},"canonical":"https:\/\/advokattorgersen.no\/pl\/yrkessykdom\/","og_locale":"pl_PL","og_type":"article","og_title":"Yrkessykdom - Advokatfirmaet Torgersen","og_url":"https:\/\/advokattorgersen.no\/pl\/yrkessykdom\/","og_site_name":"Advokatfirmaet Torgersen","article_publisher":"https:\/\/www.facebook.com\/advokattorgersen\/","article_modified_time":"2024-02-16T10:45:28+00:00","og_image":[{"width":800,"height":533,"url":"https:\/\/advokattorgersen.no\/wp-content\/uploads\/2018\/03\/Henlagt-voldtekt-hender1-1.jpg","type":"image\/jpeg"}],"twitter_card":"summary_large_image","twitter_misc":{"Szacowany czas czytania":"3 minuty"},"schema":{"@context":"https:\/\/schema.org","@graph":[{"@type":"WebPage","@id":"https:\/\/advokattorgersen.no\/yrkessykdom\/","url":"https:\/\/advokattorgersen.no\/yrkessykdom\/","name":"Yrkessykdom - Advokatfirmaet Torgersen","isPartOf":{"@id":"https:\/\/advokattorgersen.no\/#website"},"datePublished":"2018-02-11T16:16:43+00:00","dateModified":"2024-02-16T10:45:28+00:00","breadcrumb":{"@id":"https:\/\/advokattorgersen.no\/yrkessykdom\/#breadcrumb"},"inLanguage":"pl-PL","potentialAction":[{"@type":"ReadAction","target":["https:\/\/advokattorgersen.no\/yrkessykdom\/"]}]},{"@type":"BreadcrumbList","@id":"https:\/\/advokattorgersen.no\/yrkessykdom\/#breadcrumb","itemListElement":[{"@type":"ListItem","position":1,"name":"Home","item":"https:\/\/advokattorgersen.no\/"},{"@type":"ListItem","position":2,"name":"Yrkessykdom"}]},{"@type":"WebSite","@id":"https:\/\/advokattorgersen.no\/#website","url":"https:\/\/advokattorgersen.no\/","name":"Advokatfirmaet Torgersen","description":"","publisher":{"@id":"https:\/\/advokattorgersen.no\/#organization"},"potentialAction":[{"@type":"SearchAction","target":{"@type":"EntryPoint","urlTemplate":"https:\/\/advokattorgersen.no\/?s={search_term_string}"},"query-input":"required name=search_term_string"}],"inLanguage":"pl-PL"},{"@type":"Organization","@id":"https:\/\/advokattorgersen.no\/#organization","name":"Advokatfirmaet Torgersen","url":"https:\/\/advokattorgersen.no\/","sameAs":["https:\/\/www.linkedin.com\/company\/advokatfirmaet-torgersen\/","https:\/\/www.facebook.com\/advokattorgersen\/"],"logo":{"@type":"ImageObject","inLanguage":"pl-PL","@id":"https:\/\/advokattorgersen.no\/#\/schema\/logo\/image\/","url":"http:\/\/advokattorgersen.no\/wp-content\/uploads\/2017\/11\/advokatfirma-torgersen-logo-2-kopi.png","contentUrl":"http:\/\/advokattorgersen.no\/wp-content\/uploads\/2017\/11\/advokatfirma-torgersen-logo-2-kopi.png","width":500,"height":117,"caption":"Advokatfirmaet Torgersen"},"image":{"@id":"https:\/\/advokattorgersen.no\/#\/schema\/logo\/image\/"}}]}},"_links":{"self":[{"href":"https:\/\/advokattorgersen.no\/pl\/wp-json\/wp\/v2\/pages\/16268"}],"collection":[{"href":"https:\/\/advokattorgersen.no\/pl\/wp-json\/wp\/v2\/pages"}],"about":[{"href":"https:\/\/advokattorgersen.no\/pl\/wp-json\/wp\/v2\/types\/page"}],"author":[{"embeddable":true,"href":"https:\/\/advokattorgersen.no\/pl\/wp-json\/wp\/v2\/users\/1"}],"replies":[{"embeddable":true,"href":"https:\/\/advokattorgersen.no\/pl\/wp-json\/wp\/v2\/comments?post=16268"}],"version-history":[{"count":16,"href":"https:\/\/advokattorgersen.no\/pl\/wp-json\/wp\/v2\/pages\/16268\/revisions"}],"predecessor-version":[{"id":17715,"href":"https:\/\/advokattorgersen.no\/pl\/wp-json\/wp\/v2\/pages\/16268\/revisions\/17715"}],"wp:attachment":[{"href":"https:\/\/advokattorgersen.no\/pl\/wp-json\/wp\/v2\/media?parent=16268"}],"curies":[{"name":"wp","href":"https:\/\/api.w.org\/{rel}","templated":true}]}}