{"id":16282,"date":"2018-02-11T16:46:53","date_gmt":"2018-02-11T16:46:53","guid":{"rendered":"http:\/\/advokattorgersen.no\/?page_id=16282"},"modified":"2024-02-16T12:29:05","modified_gmt":"2024-02-16T12:29:05","slug":"dekning-i-personskadesak","status":"publish","type":"page","link":"https:\/\/advokattorgersen.no\/pl\/dekning-i-personskadesak\/","title":{"rendered":"Czy przys\u0142uguje ci prawo do zwrotu koszt\u00f3w pomocy prawnej w przypadku doznania obra\u017ce\u0144 cia\u0142a?"},"content":{"rendered":"<div      class=\"vc_row wpb_row section vc_row-fluid\" style=' text-align:left;'><div class=\"full_section_inner clearfix\"><div class=\"wpb_column vc_column_container vc_col-sm-6\"><div class=\"vc_column-inner\"><div class=\"wpb_wrapper\">\n\t<div class=\"wpb_text_column wpb_content_element\">\n\t\t<div class=\"wpb_wrapper\">\n\t\t\t<h2><span style=\"color: #3c4974;\"><strong>Czy przys\u0142uguje ci prawo do zwrotu koszt\u00f3w pomocy prawnej w przypadku doznania obra\u017ce\u0144 cia\u0142a?<\/strong><\/span><\/h2>\n\n\t\t<\/div> \n\t<\/div> \t<div class=\"vc_empty_space\"  style=\"height: 32px\" ><span\n\t\t\tclass=\"vc_empty_space_inner\">\n\t\t\t<span class=\"empty_space_image\"  ><\/span>\n\t\t<\/span><\/div>\n\n\n\t<div class=\"wpb_text_column wpb_content_element\">\n\t\t<div class=\"wpb_wrapper\">\n\t\t\t<p class=\" translation-block\">Jest to pytanie, kt\u00f3re zadaje sobie wiele os\u00f3b i na kt\u00f3re nale\u017cy poda\u0107 wi\u0119cej informacji. Wielu os\u00f3b poszkodowanych znajduje si\u0119 w trudnej sytuacji finansowej z powodu odniesionych obra\u017ce\u0144. Dlatego te\u017c istotne jest podkre\u015blenie, \u017ce ubezpieczyciel, kt\u00f3ry jest odpowiedzialny za wyp\u0142at\u0119 odszkodowania, w zasadzie musi pokry\u0107 tak\u017ce koszty zwi\u0105zane z dochodzeniem roszczenia prawnego, tak jak inne wydatki zwi\u0105zane z uszczerbkiem na zdrowiu.<\/p>\n<p><em>\u00a0<\/em><\/p>\n<p>Je\u015bli do\u015bwiadczy\u0142e\u015b wypadku drogowego lub wypadku przy pracy\/choroby zawodowej, masz prawo do ubiegania si\u0119 o pokrycie niezb\u0119dnych i uzasadnionych koszt\u00f3w pomocy prawnej przez odpowiedzialn\u0105 firm\u0119 ubezpieczeniow\u0105.<\/p>\n<p>&nbsp;<\/p>\n<p>Czy dozna\u0142e\u015b obra\u017ce\u0144 w wyniku b\u0142\u0119du pope\u0142nionego przez s\u0142u\u017cb\u0119 zdrowia, a norweskie Biuro Odszkodowa\u0144 dla Pacjent\u00f3w (NPE) potwierdzi\u0142o t\u0119 odpowiedzialno\u015b\u0107? W takim przypadku NPE zapewnia finansowanie niezb\u0119dnych i uzasadnionych koszt\u00f3w zwi\u0105zanych z dochodzeniem odszkodowania. W szczeg\u00f3lnych sytuacjach NPE mo\u017ce r\u00f3wnie\u017c pokry\u0107 koszty pomocy prawnej ju\u017c na wczesnym etapie oceny odpowiedzialno\u015bci.<\/p>\n<p>&nbsp;<\/p>\n<p>Je\u017celi dozna\u0142e\u015b obra\u017ce\u0144 w wypadku podczas czasu wolnego, istnieje mo\u017cliwo\u015b\u0107, \u017ce masz prawo do otrzymania wsparcia finansowego na pokrycie koszt\u00f3w zwi\u0105zanych z prowadzeniem sprawy prawnej. Wa\u017cne jest jednak, jaki rodzaj wypadku ci\u0119 dotkn\u0105\u0142 oraz z jakimi agencjami lub instytucjami nale\u017cy podj\u0105\u0107 kontakt w takiej sytuacji.<\/p>\n<p>&nbsp;<\/p>\n<p>W przypadku sporu z firm\u0105 ubezpieczeniow\u0105 lub Komisj\u0105 Uraz\u00f3w Pacjent\u00f3w (PSN), istnieje mo\u017cliwo\u015b\u0107 skorzystania z ubezpieczenia mienia w celu pokrycia koszt\u00f3w prawnych. Zazwyczaj obejmuje ono pomoc prawn\u0105 o warto\u015bci do 100 000 NOK. Przy takim ubezpieczeniu trzeba liczy\u0107 si\u0119 z w\u0142asnym udzia\u0142em w wysoko\u015bci 4000 NOK oraz 20% nadwy\u017cki, natomiast ubezpieczyciel pokrywa 80% koszt\u00f3w. W celu uzyskania dok\u0142adnych informacji na temat zakresu ochrony w ramach ubezpieczenia mienia, warto sprawdzi\u0107 warunki ubezpieczenia.<\/p>\n<p>&nbsp;<\/p>\n<p>Jak widoczne, istnieje mo\u017cliwo\u015b\u0107 uzyskania pokrycia koszt\u00f3w prawnych poprzez kilka program\u00f3w. W celu uzyskania informacji, czy istniej\u0105 programy ubezpieczeniowe, kt\u00f3re mog\u0105 zosta\u0107 zastosowane w twoim przypadku, prosz\u0119 podaj nam szczeg\u00f3\u0142y dotycz\u0105ce twojej sprawy.<\/p>\n<p>&nbsp;<\/p>\n<p>Adwokat Anette Torgersen posiada bogate do\u015bwiadczenie w obszarze r\u00f3\u017cnych system\u00f3w ubezpiecze\u0144, kt\u00f3re s\u0105 dost\u0119pne w celu pokrycia koszt\u00f3w prawnych w konkretnych sprawach.<\/p>\n\n\t\t<\/div> \n\t<\/div> \t<div class=\"vc_empty_space\"  style=\"height: 32px\" ><span\n\t\t\tclass=\"vc_empty_space_inner\">\n\t\t\t<span class=\"empty_space_image\"  ><\/span>\n\t\t<\/span><\/div>\n\n\n\t<div class=\"wpb_text_column wpb_content_element\">\n\t\t<div class=\"wpb_wrapper\">\n\t\t\t<h2><span style=\"color: #3c4974;\">Serdecznie zapraszamy do skorzystania z naszej bezp\u0142atnej i niezobowi\u0105zuj\u0105cej rozmowy. Mo\u017cesz skontaktowa\u0107 si\u0119 bezpo\u015brednio z adwokatem Anette Torgersen pod numerem telefonu 98672929 lub wys\u0142a\u0107 e-maila na adres at@advokattorgersen.no.<\/span><\/h2>\n\n\t\t<\/div> \n\t<\/div> <\/div><\/div><\/div><div class=\"wpb_column vc_column_container vc_col-sm-2\"><div class=\"vc_column-inner\"><div class=\"wpb_wrapper\"><\/div><\/div><\/div><div class=\"wpb_column vc_column_container vc_col-sm-4\"><div class=\"vc_column-inner\"><div class=\"wpb_wrapper\">\t<div class=\"vc_empty_space\"  style=\"height: 12px\" ><span\n\t\t\tclass=\"vc_empty_space_inner\">\n\t\t\t<span class=\"empty_space_image\"  ><\/span>\n\t\t<\/span><\/div>\n\n<div class='q_elements_holder one_column responsive_mode_from_768'  style='background-color:#709f9e'><div class='q_elements_item' data-animation='no' data-item-class='q_elements_holder_custom_978521' style='vertical-align:top;'><div class='q_elements_item_inner'><div class='q_elements_item_content q_elements_holder_custom_978521' style='padding:40px 37px 0'>\n\t<div class=\"wpb_text_column wpb_content_element\">\n\t\t<div class=\"wpb_wrapper\">\n\t\t\t<h3 style=\"text-align: center;\">Zapraszam ci\u0119 do um\u00f3wienia si\u0119 na darmow\u0105 konsultacj\u0119, podczas kt\u00f3rej om\u00f3wimy szczeg\u00f3\u0142y twojej sprawy.<\/h3>\n\n\t\t<\/div> \n\t<\/div> \t<div class=\"vc_empty_space\"  style=\"height: 29px\" ><span\n\t\t\tclass=\"vc_empty_space_inner\">\n\t\t\t<span class=\"empty_space_image\"  ><\/span>\n\t\t<\/span><\/div>\n\n<div role=\"form\" class=\"wpcf7\" id=\"wpcf7-f16463-o1\" lang=\"en-US\" dir=\"ltr\">\n<div class=\"screen-reader-response\"><p role=\"status\" aria-live=\"polite\" aria-atomic=\"true\"><\/p> <ul><\/ul><\/div>\n<form action=\"\/pl\/wp-json\/wp\/v2\/pages\/16282#wpcf7-f16463-o1\" method=\"post\" class=\"wpcf7-form init cf7_custom_style_1\" novalidate=\"novalidate\" data-status=\"init\" data-trp-original-action=\"\/pl\/wp-json\/wp\/v2\/pages\/16282#wpcf7-f16463-o1\">\n<div style=\"display: none;\">\n<input type=\"hidden\" name=\"_wpcf7\" value=\"16463\" \/>\n<input type=\"hidden\" name=\"_wpcf7_version\" value=\"5.6.3\" \/>\n<input type=\"hidden\" name=\"_wpcf7_locale\" value=\"en_US\" \/>\n<input type=\"hidden\" name=\"_wpcf7_unit_tag\" value=\"wpcf7-f16463-o1\" \/>\n<input type=\"hidden\" name=\"_wpcf7_container_post\" value=\"0\" \/>\n<input type=\"hidden\" name=\"_wpcf7_posted_data_hash\" value=\"\" \/>\n<\/div>\n<p><label> Twoje imi\u0119 (wymagane)<br \/>\n    <span class=\"wpcf7-form-control-wrap\" data-name=\"your-name\"><input type=\"text\" name=\"your-name\" value=\"\" size=\"40\" class=\"wpcf7-form-control wpcf7-text wpcf7-validates-as-required\" aria-required=\"true\" aria-invalid=\"false\" \/><\/span> <\/label><\/p>\n<p><label> E-mail (wymagane)<br \/>\n    <span class=\"wpcf7-form-control-wrap\" data-name=\"your-email\"><input type=\"email\" name=\"your-email\" value=\"\" size=\"40\" class=\"wpcf7-form-control wpcf7-text wpcf7-email wpcf7-validates-as-required wpcf7-validates-as-email\" aria-required=\"true\" aria-invalid=\"false\" \/><\/span> <\/label><\/p>\n<p><label> Telefon<br \/>\n<span class=\"wpcf7-form-control-wrap\" data-name=\"your-tel\"><input type=\"tel\" name=\"your-tel\" value=\"\" size=\"40\" class=\"wpcf7-form-control wpcf7-text wpcf7-tel wpcf7-validates-as-tel\" aria-invalid=\"false\" \/><\/span><\/label><\/p>\n<p><label> Twoja wiadomo\u015b\u0107<br \/>\n    <span class=\"wpcf7-form-control-wrap\" data-name=\"your-message\"><textarea name=\"your-message\" cols=\"40\" rows=\"10\" class=\"wpcf7-form-control wpcf7-textarea\" aria-invalid=\"false\"><\/textarea><\/span> <\/label><\/p>\n<p><span class=\"wpcf7-form-control-wrap\" data-name=\"opt-in\"><span class=\"wpcf7-form-control wpcf7-checkbox\"><span class=\"wpcf7-list-item first last\"><input type=\"checkbox\" name=\"opt-in[]\" value=\"Ja takk, meld meg p\u00e5 nyhetsbrevet\" \/><span class=\"wpcf7-list-item-label\">Tak, prosz\u0119 o zapisanie mnie do newslettera<\/span><\/span><\/span><\/span><\/p>\n<div id=\"cf7sr-69ee20ed4cbf2\" class=\"cf7sr-g-recaptcha\" data-theme=\"light\" data-type=\"image\" data-size=\"normal\" data-sitekey=\"6LfBcVsqAAAAAKAoCvAto5lD4axLDePjqQoGpC3Q\"><\/div><span class=\"wpcf7-form-control-wrap cf7sr-recaptcha\" data-name=\"cf7sr-recaptcha\"><input type=\"hidden\" name=\"cf7sr-recaptcha\" value=\"\" class=\"wpcf7-form-control\"><\/span><br \/>\n<input type=\"submit\" value=\"Wy\u015blij\" class=\"wpcf7-form-control has-spinner wpcf7-submit\" \/><\/p>\n<div class=\"wpcf7-response-output\" aria-hidden=\"true\"><\/div><input type=\"hidden\" name=\"trp-form-language\" value=\"pl\"\/><\/form><\/div><\/div><\/div><\/div><\/div><\/div><\/div><\/div><\/div><\/div><div      class=\"vc_row wpb_row section vc_row-fluid\" style=' text-align:left;'><div class=\"full_section_inner clearfix\"><div class=\"wpb_column vc_column_container vc_col-sm-12\"><div class=\"vc_column-inner\"><div class=\"wpb_wrapper\">\t<div class=\"vc_empty_space\"  style=\"height: 70px\" ><span\n\t\t\tclass=\"vc_empty_space_inner\">\n\t\t\t<span class=\"empty_space_image\"  ><\/span>\n\t\t<\/span><\/div>\n\n<div class=\"vc_text_separator wpb_content_element full separator_align_center\"><div style=''><span>Siste artikler<\/span><\/div><\/div>\n\t<div class=\"vc_empty_space\"  style=\"height: 32px\" ><span\n\t\t\tclass=\"vc_empty_space_inner\">\n\t\t\t<span class=\"empty_space_image\"  ><\/span>\n\t\t<\/span><\/div>\n\n\n<div class='latest_post_holder boxes three_columns three_rows' >\n    <ul>\n    \n        <li class=\"clearfix\">\n            <div class=\"boxes_image\">\n                                <a itemprop=\"url\" href=\"https:\/\/advokattorgersen.no\/pl\/2023\/11\/06\/ny-voldserstatningslov-har-medfort-alvorlige-svekkelser-av-rettighetene-til-de-som-har-blitt-utsatt-for-vold-og-overgrep\/\"><img width=\"539\" height=\"303\" src=\"https:\/\/advokattorgersen.no\/wp-content\/uploads\/2023\/11\/Anette-og-logo-satt-sammen-539x303.jpg\" class=\"attachment-latest_post_boxes size-latest_post_boxes wp-post-image\" alt=\"vold\" loading=\"lazy\" \/><\/a>\n            <\/div>\n            <div class=\"latest_post\"   style=\"&#039;\" padding-left:0; padding-right:0; &#039;>\n                <div class=\"latest_post_text\">\n                    <div class=\"latest_post_inner\">\n                        <div class=\"latest_post_text_inner\">\n                            <h5 itemprop=\"name\" class=\"latest_post_title entry_title\"><a itemprop=\"url\" href=\"https:\/\/advokattorgersen.no\/pl\/2023\/11\/06\/ny-voldserstatningslov-har-medfort-alvorlige-svekkelser-av-rettighetene-til-de-som-har-blitt-utsatt-for-vold-og-overgrep\/\">Ny voldserstatningslov har medf\u00f8rt alvorlige svekkelser av rettighetene til de som har blitt utsatt for vold og overgrep<\/a><\/h5>\n                            <p class=\"excerpt\">NRK har tatt kontakt med bistandsadvokat Anette Torgersen for \u00e5 f\u00e5 hennes synspunkter rundt lovendringene. Etter lovendringene som tr\u00e5dte i kraft den 01.01.2023 har det blitt langt vanskeligere for de som har blitt utsatt for vold og overgrep \u00e5 f\u00e5 de...<\/p>\n                            <span class=\"post_infos\">\n                                                                                                \n                                \n                                                            <\/span>\n                        <\/div>\n                    <\/div>\n                <\/div>\n            <\/div>\n        <\/li>\n    \n        <li class=\"clearfix\">\n            <div class=\"boxes_image\">\n                                <a itemprop=\"url\" href=\"https:\/\/advokattorgersen.no\/pl\/2022\/10\/02\/din-erstatning-kan-ga-tapt-dersom-du-ikke-soker-voldsoffererstatning-for-1-januar-2023\/\"><img width=\"539\" height=\"303\" src=\"https:\/\/advokattorgersen.no\/wp-content\/uploads\/2021\/12\/HAN_0873-539x303.jpg\" class=\"attachment-latest_post_boxes size-latest_post_boxes wp-post-image\" alt=\"erstatning\" loading=\"lazy\" \/><\/a>\n            <\/div>\n            <div class=\"latest_post\"   style=\"&#039;\" padding-left:0; padding-right:0; &#039;>\n                <div class=\"latest_post_text\">\n                    <div class=\"latest_post_inner\">\n                        <div class=\"latest_post_text_inner\">\n                            <h5 itemprop=\"name\" class=\"latest_post_title entry_title\"><a itemprop=\"url\" href=\"https:\/\/advokattorgersen.no\/pl\/2022\/10\/02\/din-erstatning-kan-ga-tapt-dersom-du-ikke-soker-voldsoffererstatning-for-1-januar-2023\/\">Din erstatning kan g\u00e5 tapt dersom du ikke s\u00f8ker voldsoffererstatning f\u00f8r 1. januar 2023<\/a><\/h5>\n                            <p class=\"excerpt\">Mange av de som har blitt utsatt for vold eller overgrep i perioden 1. januar 1975 \u2013 1. januar 2022 kan miste sin rett til erstatning dersom det ikke s\u00f8kes om erstatning f\u00f8r 1. januar 2023. -Men det trenger fortsatt ikke v\u00e6re for sent \u00e5 fremsette ers...<\/p>\n                            <span class=\"post_infos\">\n                                                                                                \n                                \n                                                            <\/span>\n                        <\/div>\n                    <\/div>\n                <\/div>\n            <\/div>\n        <\/li>\n    \n        <li class=\"clearfix\">\n            <div class=\"boxes_image\">\n                                <a itemprop=\"url\" href=\"https:\/\/advokattorgersen.no\/pl\/2022\/02\/24\/advokatfirmaet-torgersen-hadde-et-hyggelig-besok-av-advokatwatch\/\"><img width=\"539\" height=\"303\" src=\"https:\/\/advokattorgersen.no\/wp-content\/uploads\/2022\/02\/aurora-539x303.jpg\" class=\"attachment-latest_post_boxes size-latest_post_boxes wp-post-image\" alt=\"\" loading=\"lazy\" srcset=\"https:\/\/advokattorgersen.no\/wp-content\/uploads\/2022\/02\/aurora-539x303.jpg 539w, https:\/\/advokattorgersen.no\/wp-content\/uploads\/2022\/02\/aurora-300x169.jpg 300w, https:\/\/advokattorgersen.no\/wp-content\/uploads\/2022\/02\/aurora-1024x575.jpg 1024w, https:\/\/advokattorgersen.no\/wp-content\/uploads\/2022\/02\/aurora-768x431.jpg 768w, https:\/\/advokattorgersen.no\/wp-content\/uploads\/2022\/02\/aurora-1536x863.jpg 1536w, https:\/\/advokattorgersen.no\/wp-content\/uploads\/2022\/02\/aurora-700x393.jpg 700w, https:\/\/advokattorgersen.no\/wp-content\/uploads\/2022\/02\/aurora.jpg 1750w\" sizes=\"(max-width: 539px) 100vw, 539px\" \/><\/a>\n            <\/div>\n            <div class=\"latest_post\"   style=\"&#039;\" padding-left:0; padding-right:0; &#039;>\n                <div class=\"latest_post_text\">\n                    <div class=\"latest_post_inner\">\n                        <div class=\"latest_post_text_inner\">\n                            <h5 itemprop=\"name\" class=\"latest_post_title entry_title\"><a itemprop=\"url\" href=\"https:\/\/advokattorgersen.no\/pl\/2022\/02\/24\/advokatfirmaet-torgersen-hadde-et-hyggelig-besok-av-advokatwatch\/\">Advokatfirmaet Torgersen hadde et hyggelig bes\u00f8k av AdvokatWatch<\/a><\/h5>\n                            <p class=\"excerpt\">AdvokatWatch tok kontakt med Advokatfirmaet Torgersen i forbindelse med nyansettelse. Advokatfirmaet Torgersen har \u00f8kende oppdragsmengde, og har ansatt Aurora Valdivia Ros\u00e9n som kontormedarbeider. ...<\/p>\n                            <span class=\"post_infos\">\n                                                                                                \n                                \n                                                            <\/span>\n                        <\/div>\n                    <\/div>\n                <\/div>\n            <\/div>\n        <\/li>\n    \n        <li class=\"clearfix\">\n            <div class=\"boxes_image\">\n                                <a itemprop=\"url\" href=\"https:\/\/advokattorgersen.no\/pl\/2021\/12\/27\/advokatforeningens-hovedstyre-har-oppnevnt-anette-torgersen-som-medlem-av-bistandsadvokatutvalget\/\"><img width=\"539\" height=\"303\" src=\"https:\/\/advokattorgersen.no\/wp-content\/uploads\/2021\/12\/HAN_0873-539x303.jpg\" class=\"attachment-latest_post_boxes size-latest_post_boxes wp-post-image\" alt=\"erstatning\" loading=\"lazy\" \/><\/a>\n            <\/div>\n            <div class=\"latest_post\"   style=\"&#039;\" padding-left:0; padding-right:0; &#039;>\n                <div class=\"latest_post_text\">\n                    <div class=\"latest_post_inner\">\n                        <div class=\"latest_post_text_inner\">\n                            <h5 itemprop=\"name\" class=\"latest_post_title entry_title\"><a itemprop=\"url\" href=\"https:\/\/advokattorgersen.no\/pl\/2021\/12\/27\/advokatforeningens-hovedstyre-har-oppnevnt-anette-torgersen-som-medlem-av-bistandsadvokatutvalget\/\">Advokatforeningens hovedstyre har oppnevnt Anette Torgersen som medlem av bistandsadvokatutvalget<\/a><\/h5>\n                            <p class=\"excerpt\">Det er stor konkurranse om \u00e5 sitte i Advokatforeningens utvalg. Det er et prestisjefullt verv, hvor medlemmene blant annet er med p\u00e5 \u00e5 p\u00e5virke rettsutviklingen. Bistandsadvokatutvalget best\u00e5r av advokater med s\u00e6rlig kunnskap og interesse innenfor fag...<\/p>\n                            <span class=\"post_infos\">\n                                                                                                \n                                \n                                                            <\/span>\n                        <\/div>\n                    <\/div>\n                <\/div>\n            <\/div>\n        <\/li>\n    \n        <li class=\"clearfix\">\n            <div class=\"boxes_image\">\n                                <a itemprop=\"url\" href=\"https:\/\/advokattorgersen.no\/pl\/2020\/04\/20\/du-kan-ha-krav-pa-erstatning-selv-om-straffesaken-er-henlagt\/\"><img width=\"539\" height=\"303\" src=\"https:\/\/advokattorgersen.no\/wp-content\/uploads\/2020\/04\/screenshot-av-nettsidevideo-erstatning-etter-henlagt-straffesak-539x303.png\" class=\"attachment-latest_post_boxes size-latest_post_boxes wp-post-image\" alt=\"erstatning\" loading=\"lazy\" srcset=\"https:\/\/advokattorgersen.no\/wp-content\/uploads\/2020\/04\/screenshot-av-nettsidevideo-erstatning-etter-henlagt-straffesak-539x303.png 539w, https:\/\/advokattorgersen.no\/wp-content\/uploads\/2020\/04\/screenshot-av-nettsidevideo-erstatning-etter-henlagt-straffesak-300x170.png 300w\" sizes=\"(max-width: 539px) 100vw, 539px\" \/><\/a>\n            <\/div>\n            <div class=\"latest_post\"   style=\"&#039;\" padding-left:0; padding-right:0; &#039;>\n                <div class=\"latest_post_text\">\n                    <div class=\"latest_post_inner\">\n                        <div class=\"latest_post_text_inner\">\n                            <h5 itemprop=\"name\" class=\"latest_post_title entry_title\"><a itemprop=\"url\" href=\"https:\/\/advokattorgersen.no\/pl\/2020\/04\/20\/du-kan-ha-krav-pa-erstatning-selv-om-straffesaken-er-henlagt\/\">Du kan ha krav p\u00e5 erstatning selv om straffesaken er henlagt<\/a><\/h5>\n                            <p class=\"excerpt\">Jeg har spesialisert meg p\u00e5 beregning av erstatningskrav. I denne videoen og artikkelen vil du f\u00e5 en oversikt over hvilke muligheter du har til \u00e5 kreve erstatning etter en henlagt straffesak, litt om hvorfor det er s\u00e5nn, og hvilke erstatningsposter s...<\/p>\n                            <span class=\"post_infos\">\n                                                                                                \n                                \n                                                            <\/span>\n                        <\/div>\n                    <\/div>\n                <\/div>\n            <\/div>\n        <\/li>\n    \n        <li class=\"clearfix\">\n            <div class=\"boxes_image\">\n                                <a itemprop=\"url\" href=\"https:\/\/advokattorgersen.no\/pl\/2020\/04\/06\/oppreisning-pa-kr-150-000-innvilget-selv-om-politiet-henla-voldtektssaken\/\"><img width=\"539\" height=\"303\" src=\"https:\/\/advokattorgersen.no\/wp-content\/uploads\/2020\/04\/Vold-539x303.jpg\" class=\"attachment-latest_post_boxes size-latest_post_boxes wp-post-image\" alt=\"oppreisning\" loading=\"lazy\" \/><\/a>\n            <\/div>\n            <div class=\"latest_post\"   style=\"&#039;\" padding-left:0; padding-right:0; &#039;>\n                <div class=\"latest_post_text\">\n                    <div class=\"latest_post_inner\">\n                        <div class=\"latest_post_text_inner\">\n                            <h5 itemprop=\"name\" class=\"latest_post_title entry_title\"><a itemprop=\"url\" href=\"https:\/\/advokattorgersen.no\/pl\/2020\/04\/06\/oppreisning-pa-kr-150-000-innvilget-selv-om-politiet-henla-voldtektssaken\/\">Oppreisning p\u00e5 kr 150.000 innvilget selv om politiet henla voldtektssaken<\/a><\/h5>\n                            <p class=\"excerpt\">Med bistand fra advokat Anette Torgersen ble kvinnen innvilget kr 150.000 i oppreisning selv om politiet hadde henlagt voldtektssaken. Kvinnen f\u00f8lte seg trodd igjen, og dette hjalp henne videre i bearbeidelsen av sine traumer etter voldtekten....<\/p>\n                            <span class=\"post_infos\">\n                                                                                                \n                                \n                                                            <\/span>\n                        <\/div>\n                    <\/div>\n                <\/div>\n            <\/div>\n        <\/li>\n    \n        <li class=\"clearfix\">\n            <div class=\"boxes_image\">\n                                <a itemprop=\"url\" href=\"https:\/\/advokattorgersen.no\/pl\/2019\/03\/17\/klage-pa-henleggelse-av-gruppevoldtekt-forte-frem-videre-etterforskning-ble-satt-i-gang\/\"><img width=\"539\" height=\"303\" src=\"https:\/\/advokattorgersen.no\/wp-content\/uploads\/2018\/06\/Profilbilde-av-meg-med-logo-539x303.jpg\" class=\"attachment-latest_post_boxes size-latest_post_boxes wp-post-image\" alt=\"klage\" loading=\"lazy\" \/><\/a>\n            <\/div>\n            <div class=\"latest_post\"   style=\"&#039;\" padding-left:0; padding-right:0; &#039;>\n                <div class=\"latest_post_text\">\n                    <div class=\"latest_post_inner\">\n                        <div class=\"latest_post_text_inner\">\n                            <h5 itemprop=\"name\" class=\"latest_post_title entry_title\"><a itemprop=\"url\" href=\"https:\/\/advokattorgersen.no\/pl\/2019\/03\/17\/klage-pa-henleggelse-av-gruppevoldtekt-forte-frem-videre-etterforskning-ble-satt-i-gang\/\">Klage p\u00e5 henleggelse av gruppevoldtekt f\u00f8rte frem | Videre etterforskning ble satt i gang<\/a><\/h5>\n                            <p class=\"excerpt\">Riksadvokaten var enig med advokat Anette Torgersen i at politiet ikke hadde gjort god nok etterforskning av gruppevoldtekten, og ga medhold i klage fra advokat Torgersen. Riksadvokaten beordret videre etterforskning av gruppevoldtekten....<\/p>\n                            <span class=\"post_infos\">\n                                                                                                \n                                \n                                                            <\/span>\n                        <\/div>\n                    <\/div>\n                <\/div>\n            <\/div>\n        <\/li>\n    \n        <li class=\"clearfix\">\n            <div class=\"boxes_image\">\n                                <a itemprop=\"url\" href=\"https:\/\/advokattorgersen.no\/pl\/2019\/01\/29\/du-har-rett-til-a-ha-med-deg-bistandsadvokaten-din-i-avhor-hos-politiet\/\"><img width=\"539\" height=\"303\" src=\"https:\/\/advokattorgersen.no\/wp-content\/uploads\/2019\/01\/Politihuset-i-Stavanger-med-logo-etikett-539x303.jpg\" class=\"attachment-latest_post_boxes size-latest_post_boxes wp-post-image\" alt=\"politiavh\u00f8r\" loading=\"lazy\" \/><\/a>\n            <\/div>\n            <div class=\"latest_post\"   style=\"&#039;\" padding-left:0; padding-right:0; &#039;>\n                <div class=\"latest_post_text\">\n                    <div class=\"latest_post_inner\">\n                        <div class=\"latest_post_text_inner\">\n                            <h5 itemprop=\"name\" class=\"latest_post_title entry_title\"><a itemprop=\"url\" href=\"https:\/\/advokattorgersen.no\/pl\/2019\/01\/29\/du-har-rett-til-a-ha-med-deg-bistandsadvokaten-din-i-avhor-hos-politiet\/\">Du har rett til \u00e5 ha med deg bistandsadvokaten din i politiavh\u00f8r<\/a><\/h5>\n                            <p class=\"excerpt\">I forrige uke var advokat Torgersen med sin klient i politiavh\u00f8r i Stavanger, og tingretten dekket her advokat Torgersen sine reisekostnader og arbeidet med saken. Klient fikk advokatbistand uten at dette kostet henne noe. ...<\/p>\n                            <span class=\"post_infos\">\n                                                                                                \n                                \n                                                            <\/span>\n                        <\/div>\n                    <\/div>\n                <\/div>\n            <\/div>\n        <\/li>\n    \n        <li class=\"clearfix\">\n            <div class=\"boxes_image\">\n                                <a itemprop=\"url\" href=\"https:\/\/advokattorgersen.no\/pl\/2019\/01\/17\/veldedighetsarbeid-advokat-anette-torgersen-har-na-vaert-ute-pa-oppdrag-som-mentor-for-barnas-jurist\/\"><img width=\"539\" height=\"303\" src=\"https:\/\/advokattorgersen.no\/wp-content\/uploads\/2019\/01\/anette-539x303.jpg\" class=\"attachment-latest_post_boxes size-latest_post_boxes wp-post-image\" alt=\"\" loading=\"lazy\" srcset=\"https:\/\/advokattorgersen.no\/wp-content\/uploads\/2019\/01\/anette-539x303.jpg 539w, https:\/\/advokattorgersen.no\/wp-content\/uploads\/2019\/01\/anette-300x169.jpg 300w, https:\/\/advokattorgersen.no\/wp-content\/uploads\/2019\/01\/anette-1024x575.jpg 1024w, https:\/\/advokattorgersen.no\/wp-content\/uploads\/2019\/01\/anette-768x431.jpg 768w, https:\/\/advokattorgersen.no\/wp-content\/uploads\/2019\/01\/anette-1536x863.jpg 1536w, https:\/\/advokattorgersen.no\/wp-content\/uploads\/2019\/01\/anette-700x393.jpg 700w, https:\/\/advokattorgersen.no\/wp-content\/uploads\/2019\/01\/anette.jpg 1750w\" sizes=\"(max-width: 539px) 100vw, 539px\" \/><\/a>\n            <\/div>\n            <div class=\"latest_post\"   style=\"&#039;\" padding-left:0; padding-right:0; &#039;>\n                <div class=\"latest_post_text\">\n                    <div class=\"latest_post_inner\">\n                        <div class=\"latest_post_text_inner\">\n                            <h5 itemprop=\"name\" class=\"latest_post_title entry_title\"><a itemprop=\"url\" href=\"https:\/\/advokattorgersen.no\/pl\/2019\/01\/17\/veldedighetsarbeid-advokat-anette-torgersen-har-na-vaert-ute-pa-oppdrag-som-mentor-for-barnas-jurist\/\">Veldedighetsarbeid | advokat Anette Torgersen har n\u00e5 v\u00e6rt ute p\u00e5 oppdrag som mentor for Barnas Jurist<\/a><\/h5>\n                            <p class=\"excerpt\">Advokat Anette Torgersen har takket ja til \u00e5 v\u00e6re frivillig medarbeider for Barnas jurist. Advokat Anette Torgersen har rollen som mentor og skal blant annet veilede en student gjennom arbeidet med sakene. Denne gangen bes\u00f8kte de et sted for enslige ...<\/p>\n                            <span class=\"post_infos\">\n                                                                                                \n                                \n                                                            <\/span>\n                        <\/div>\n                    <\/div>\n                <\/div>\n            <\/div>\n        <\/li>\n        <\/ul>\n<\/div><\/div><\/div><\/div><\/div><\/div>","protected":false},"excerpt":{"rendered":"Hva er Barnas Jurist? Barnas Jurist er et rettshjelpstiltak som gir gratis rettshjelp til barn og unge. Prosjektet Barnas Jurist startet opp i Oslo, og er n\u00e5 etablert som et fast tiltak. For \u00e5 hjelpe flere barn og unge med \u00e5 f\u00e5 sine grunnleggende rettigheter oppfylt er prosjektet n\u00e5 i gang i Ringeriksregionen. Advokat Anette Torgersen har bidratt med gratis r\u00e5dgivning til mindre\u00e5rige flyktninger Advokat Anette Torgersen har takket ja til \u00e5 v\u00e6re frivillig medarbeider for Barnas jurist. Advokat Anette Torgersen har rollen som mentor og skal blant annet veilede en student gjennom arbeidet med sakene. Denne gangen bes\u00f8kte de et sted for enslige mindre\u00e5rige flyktninger. Det er mange som ikke vet om sine rettigheter, s\u00e5 det er et m\u00e5l \u00e5 bidra til st\u00f8rre opplysning rundt dette. Barnas Jurist bidrar b\u00e5de med generell r\u00e5dgivning, men kan ogs\u00e5 bist\u00e5 gratis i konkrete saker. Du er velkommen til \u00e5 ta kontakt Du er velkommen til \u00e5 ta kontakt for en gratis og uforpliktende samtale. Advokat Anette Torgersen n\u00e5s direkte p\u00e5 tlf 98 67 29 29 eller at@advokattorgersen.no.","protected":false},"author":1,"featured_media":0,"parent":0,"menu_order":0,"comment_status":"closed","ping_status":"closed","template":"","meta":{"_mi_skip_tracking":false},"yoast_head":"<!-- This site is optimized with the Yoast SEO plugin v19.6.1 - https:\/\/yoast.com\/wordpress\/plugins\/seo\/ -->\n<title>Dekning av advokatutgifter i personskadesaken - Advokatfirmaet Torgersen<\/title>\n<meta name=\"robots\" content=\"index, follow, max-snippet:-1, max-image-preview:large, max-video-preview:-1\" \/>\n<link rel=\"canonical\" href=\"https:\/\/advokattorgersen.no\/pl\/dekning-i-personskadesak\/\" \/>\n<meta property=\"og:locale\" content=\"pl_PL\" \/>\n<meta property=\"og:type\" content=\"article\" \/>\n<meta property=\"og:title\" content=\"Dekning av advokatutgifter i personskadesaken - Advokatfirmaet Torgersen\" \/>\n<meta property=\"og:url\" content=\"https:\/\/advokattorgersen.no\/pl\/dekning-i-personskadesak\/\" \/>\n<meta property=\"og:site_name\" content=\"Advokatfirmaet Torgersen\" \/>\n<meta property=\"article:publisher\" content=\"https:\/\/www.facebook.com\/advokattorgersen\/\" \/>\n<meta property=\"article:modified_time\" content=\"2024-02-16T12:29:05+00:00\" \/>\n<meta property=\"og:image\" content=\"https:\/\/advokattorgersen.no\/wp-content\/uploads\/2018\/03\/Henlagt-voldtekt-hender1-1.jpg\" \/>\n\t<meta property=\"og:image:width\" content=\"800\" \/>\n\t<meta property=\"og:image:height\" content=\"533\" \/>\n\t<meta property=\"og:image:type\" content=\"image\/jpeg\" \/>\n<meta name=\"twitter:card\" content=\"summary_large_image\" \/>\n<meta name=\"twitter:label1\" content=\"Szacowany czas czytania\" \/>\n\t<meta name=\"twitter:data1\" content=\"2 minuty\" \/>\n<script type=\"application\/ld+json\" class=\"yoast-schema-graph\">{\"@context\":\"https:\/\/schema.org\",\"@graph\":[{\"@type\":\"WebPage\",\"@id\":\"https:\/\/advokattorgersen.no\/dekning-i-personskadesak\/\",\"url\":\"https:\/\/advokattorgersen.no\/dekning-i-personskadesak\/\",\"name\":\"Dekning av advokatutgifter i personskadesaken - Advokatfirmaet Torgersen\",\"isPartOf\":{\"@id\":\"https:\/\/advokattorgersen.no\/#website\"},\"datePublished\":\"2018-02-11T16:46:53+00:00\",\"dateModified\":\"2024-02-16T12:29:05+00:00\",\"breadcrumb\":{\"@id\":\"https:\/\/advokattorgersen.no\/dekning-i-personskadesak\/#breadcrumb\"},\"inLanguage\":\"pl-PL\",\"potentialAction\":[{\"@type\":\"ReadAction\",\"target\":[\"https:\/\/advokattorgersen.no\/dekning-i-personskadesak\/\"]}]},{\"@type\":\"BreadcrumbList\",\"@id\":\"https:\/\/advokattorgersen.no\/dekning-i-personskadesak\/#breadcrumb\",\"itemListElement\":[{\"@type\":\"ListItem\",\"position\":1,\"name\":\"Home\",\"item\":\"https:\/\/advokattorgersen.no\/\"},{\"@type\":\"ListItem\",\"position\":2,\"name\":\"Dekning av advokatutgifter i personskadesaken\"}]},{\"@type\":\"WebSite\",\"@id\":\"https:\/\/advokattorgersen.no\/#website\",\"url\":\"https:\/\/advokattorgersen.no\/\",\"name\":\"Advokatfirmaet Torgersen\",\"description\":\"\",\"publisher\":{\"@id\":\"https:\/\/advokattorgersen.no\/#organization\"},\"potentialAction\":[{\"@type\":\"SearchAction\",\"target\":{\"@type\":\"EntryPoint\",\"urlTemplate\":\"https:\/\/advokattorgersen.no\/?s={search_term_string}\"},\"query-input\":\"required name=search_term_string\"}],\"inLanguage\":\"pl-PL\"},{\"@type\":\"Organization\",\"@id\":\"https:\/\/advokattorgersen.no\/#organization\",\"name\":\"Advokatfirmaet Torgersen\",\"url\":\"https:\/\/advokattorgersen.no\/\",\"sameAs\":[\"https:\/\/www.linkedin.com\/company\/advokatfirmaet-torgersen\/\",\"https:\/\/www.facebook.com\/advokattorgersen\/\"],\"logo\":{\"@type\":\"ImageObject\",\"inLanguage\":\"pl-PL\",\"@id\":\"https:\/\/advokattorgersen.no\/#\/schema\/logo\/image\/\",\"url\":\"http:\/\/advokattorgersen.no\/wp-content\/uploads\/2017\/11\/advokatfirma-torgersen-logo-2-kopi.png\",\"contentUrl\":\"http:\/\/advokattorgersen.no\/wp-content\/uploads\/2017\/11\/advokatfirma-torgersen-logo-2-kopi.png\",\"width\":500,\"height\":117,\"caption\":\"Advokatfirmaet Torgersen\"},\"image\":{\"@id\":\"https:\/\/advokattorgersen.no\/#\/schema\/logo\/image\/\"}}]}<\/script>\n<!-- \/ Yoast SEO plugin. -->","yoast_head_json":{"title":"Dekning av advokatutgifter i personskadesaken - Advokatfirmaet Torgersen","robots":{"index":"index","follow":"follow","max-snippet":"max-snippet:-1","max-image-preview":"max-image-preview:large","max-video-preview":"max-video-preview:-1"},"canonical":"https:\/\/advokattorgersen.no\/pl\/dekning-i-personskadesak\/","og_locale":"pl_PL","og_type":"article","og_title":"Dekning av advokatutgifter i personskadesaken - Advokatfirmaet Torgersen","og_url":"https:\/\/advokattorgersen.no\/pl\/dekning-i-personskadesak\/","og_site_name":"Advokatfirmaet Torgersen","article_publisher":"https:\/\/www.facebook.com\/advokattorgersen\/","article_modified_time":"2024-02-16T12:29:05+00:00","og_image":[{"width":800,"height":533,"url":"https:\/\/advokattorgersen.no\/wp-content\/uploads\/2018\/03\/Henlagt-voldtekt-hender1-1.jpg","type":"image\/jpeg"}],"twitter_card":"summary_large_image","twitter_misc":{"Szacowany czas czytania":"2 minuty"},"schema":{"@context":"https:\/\/schema.org","@graph":[{"@type":"WebPage","@id":"https:\/\/advokattorgersen.no\/dekning-i-personskadesak\/","url":"https:\/\/advokattorgersen.no\/dekning-i-personskadesak\/","name":"Dekning av advokatutgifter i personskadesaken - Advokatfirmaet Torgersen","isPartOf":{"@id":"https:\/\/advokattorgersen.no\/#website"},"datePublished":"2018-02-11T16:46:53+00:00","dateModified":"2024-02-16T12:29:05+00:00","breadcrumb":{"@id":"https:\/\/advokattorgersen.no\/dekning-i-personskadesak\/#breadcrumb"},"inLanguage":"pl-PL","potentialAction":[{"@type":"ReadAction","target":["https:\/\/advokattorgersen.no\/dekning-i-personskadesak\/"]}]},{"@type":"BreadcrumbList","@id":"https:\/\/advokattorgersen.no\/dekning-i-personskadesak\/#breadcrumb","itemListElement":[{"@type":"ListItem","position":1,"name":"Home","item":"https:\/\/advokattorgersen.no\/"},{"@type":"ListItem","position":2,"name":"Dekning av advokatutgifter i personskadesaken"}]},{"@type":"WebSite","@id":"https:\/\/advokattorgersen.no\/#website","url":"https:\/\/advokattorgersen.no\/","name":"Advokatfirmaet Torgersen","description":"","publisher":{"@id":"https:\/\/advokattorgersen.no\/#organization"},"potentialAction":[{"@type":"SearchAction","target":{"@type":"EntryPoint","urlTemplate":"https:\/\/advokattorgersen.no\/?s={search_term_string}"},"query-input":"required name=search_term_string"}],"inLanguage":"pl-PL"},{"@type":"Organization","@id":"https:\/\/advokattorgersen.no\/#organization","name":"Advokatfirmaet Torgersen","url":"https:\/\/advokattorgersen.no\/","sameAs":["https:\/\/www.linkedin.com\/company\/advokatfirmaet-torgersen\/","https:\/\/www.facebook.com\/advokattorgersen\/"],"logo":{"@type":"ImageObject","inLanguage":"pl-PL","@id":"https:\/\/advokattorgersen.no\/#\/schema\/logo\/image\/","url":"http:\/\/advokattorgersen.no\/wp-content\/uploads\/2017\/11\/advokatfirma-torgersen-logo-2-kopi.png","contentUrl":"http:\/\/advokattorgersen.no\/wp-content\/uploads\/2017\/11\/advokatfirma-torgersen-logo-2-kopi.png","width":500,"height":117,"caption":"Advokatfirmaet Torgersen"},"image":{"@id":"https:\/\/advokattorgersen.no\/#\/schema\/logo\/image\/"}}]}},"_links":{"self":[{"href":"https:\/\/advokattorgersen.no\/pl\/wp-json\/wp\/v2\/pages\/16282"}],"collection":[{"href":"https:\/\/advokattorgersen.no\/pl\/wp-json\/wp\/v2\/pages"}],"about":[{"href":"https:\/\/advokattorgersen.no\/pl\/wp-json\/wp\/v2\/types\/page"}],"author":[{"embeddable":true,"href":"https:\/\/advokattorgersen.no\/pl\/wp-json\/wp\/v2\/users\/1"}],"replies":[{"embeddable":true,"href":"https:\/\/advokattorgersen.no\/pl\/wp-json\/wp\/v2\/comments?post=16282"}],"version-history":[{"count":16,"href":"https:\/\/advokattorgersen.no\/pl\/wp-json\/wp\/v2\/pages\/16282\/revisions"}],"predecessor-version":[{"id":17724,"href":"https:\/\/advokattorgersen.no\/pl\/wp-json\/wp\/v2\/pages\/16282\/revisions\/17724"}],"wp:attachment":[{"href":"https:\/\/advokattorgersen.no\/pl\/wp-json\/wp\/v2\/media?parent=16282"}],"curies":[{"name":"wp","href":"https:\/\/api.w.org\/{rel}","templated":true}]}}