{"id":16332,"date":"2018-02-11T19:02:40","date_gmt":"2018-02-11T19:02:40","guid":{"rendered":"http:\/\/advokattorgersen.no\/?page_id=16332"},"modified":"2024-02-16T16:12:52","modified_gmt":"2024-02-16T16:12:52","slug":"dekning-av-advokatutgifter-i-nav-sak","status":"publish","type":"page","link":"https:\/\/advokattorgersen.no\/pl\/dekning-av-advokatutgifter-i-nav-sak\/","title":{"rendered":"Pokrycie koszt\u00f3w prawnych w sprawie NAV"},"content":{"rendered":"<div      class=\"vc_row wpb_row section vc_row-fluid\" style=' text-align:left;'><div class=\"full_section_inner clearfix\"><div class=\"wpb_column vc_column_container vc_col-sm-6\"><div class=\"vc_column-inner\"><div class=\"wpb_wrapper\">\n\t<div class=\"wpb_text_column wpb_content_element\">\n\t\t<div class=\"wpb_wrapper\">\n\t\t\t<h2><span style=\"color: #3c4974;\"><strong>Czy masz prawo do pokrycia koszt\u00f3w prawnych w sprawie NAV?<\/strong><\/span><\/h2>\n\n\t\t<\/div> \n\t<\/div> \t<div class=\"vc_empty_space\"  style=\"height: 32px\" ><span\n\t\t\tclass=\"vc_empty_space_inner\">\n\t\t\t<span class=\"empty_space_image\"  ><\/span>\n\t\t<\/span><\/div>\n\n\n\t<div class=\"wpb_text_column wpb_content_element\">\n\t\t<div class=\"wpb_wrapper\">\n\t\t\t<p><strong>Praca z wnioskiem o \u015bwiadczenie NAV<\/strong><\/p>\n<p>Zazwyczaj koszty prawne zwi\u0105zane z prac\u0105 nad wnioskiem nie s\u0105 pokrywane. Istniej\u0105 jednak wyj\u0105tki od tej zasady, w przypadku kt\u00f3rych mo\u017cesz na przyk\u0142ad udokumentowa\u0107 szkod\u0119 na osobie i spe\u0142ni\u0107 warunki bezp\u0142atnej pomocy prawnej.<\/p>\n<p><strong>\u00a0<\/strong><\/p>\n<p><strong>Prace nad odwo\u0142aniami do organu apelacyjnego NAV<\/strong><\/p>\n<p>Je\u015bli otrzyma\u0142e\u015b decyzj\u0119 odmown\u0105 od NAV i chcesz, aby prawnik odwo\u0142a\u0142 si\u0119 od niej w twoim imieniu, mo\u017cesz mie\u0107 prawo do bezp\u0142atnej porady prawnej, je\u015bli spe\u0142niasz odpowiednie warunki. Udzia\u0142 w\u0142asny wynosi jednorazow\u0105 stawk\u0119 op\u0142aty publicznej, ale zale\u017cy od twojej sytuacji finansowej<\/p>\n<p>&nbsp;<\/p>\n<p>Je\u015bli nie spe\u0142niasz warunk\u00f3w uzyskania bezp\u0142atnej porady prawnej, nadal istnieje mo\u017cliwo\u015b\u0107 pokrycia koszt\u00f3w niezb\u0119dnej i uzasadnionej pomocy prawnej zwi\u0105zan\u0105 z odwo\u0142aniem si\u0119 od decyzji. Dzieje si\u0119 tak w przypadkach, gdy NAV zmienia decyzj\u0119 na twoj\u0105 korzy\u015b\u0107.<\/p>\n<p>&nbsp;<\/p>\n<p><strong>Arbeid med \u00e5 anke til Trygderetten<\/strong><\/p>\n<p>Je\u015bli otrzyma\u0142e\u015b decyzj\u0119 odmown\u0105 od NAV i chcesz, aby prawnik odwo\u0142a\u0142 si\u0119 od niej w twoim imieniu, mo\u017cesz mie\u0107 prawo do bezp\u0142atnej porady prawnej, je\u015bli spe\u0142niasz odpowiednie warunki. Udzia\u0142 w\u0142asny wynosi jednorazow\u0105 stawk\u0119 op\u0142aty publicznej, ale zale\u017cy od twojej sytuacji finansowe. Udzia\u0142 w\u0142asny wynosi 25% ca\u0142kowitych koszt\u00f3w pomocy prawnej, ale nie wi\u0119cej ni\u017c 8-krotno\u015b\u0107 stawki op\u0142aty publicznej.<\/p>\n<p>&nbsp;<\/p>\n<p>Je\u015bli nie spe\u0142niasz warunk\u00f3w uzyskania bezp\u0142atnej porady prawnej, nadal istnieje mo\u017cliwo\u015b\u0107 pokrycia koszt\u00f3w niezb\u0119dnej i uzasadnionej pomocy prawnej zwi\u0105zan\u0105 z odwo\u0142aniem si\u0119 od decyzji. Dzieje si\u0119 tak w przypadkach, gdy S\u0105d Ubezpiecze\u0144 Spo\u0142ecznych zmienia decyzj\u0119 na twoj\u0105 korzy\u015b\u0107.<\/p>\n<p>&nbsp;<\/p>\n<p><strong>Zapraszamy do kontaktu <\/strong><\/p>\n<p>Anette Torgersen to prawniczka z bogatym do\u015bwiadczeniem w sprawach z zakresu ubezpiecze\u0144 spo\u0142ecznych w NAV. Niestety, do\u015bwiadczenie pokazuje, \u017ce w systemie NAV pope\u0142nia si\u0119 wiele b\u0142\u0119d\u00f3w, a wiele decyzji jest uchylanych po z\u0142o\u017ceniu przez prawnika odwo\u0142ania lub apelacji.<\/p>\n\n\t\t<\/div> \n\t<\/div> \t<div class=\"vc_empty_space\"  style=\"height: 32px\" ><span\n\t\t\tclass=\"vc_empty_space_inner\">\n\t\t\t<span class=\"empty_space_image\"  ><\/span>\n\t\t<\/span><\/div>\n\n\n\t<div class=\"wpb_text_column wpb_content_element\">\n\t\t<div class=\"wpb_wrapper\">\n\t\t\t<h2><span style=\"color: #3c4974;\">Serdecznie zapraszamy do skorzystania z naszej bezp\u0142atnej i niezobowi\u0105zuj\u0105cej rozmowy. Mo\u017cesz skontaktowa\u0107 si\u0119 bezpo\u015brednio z adwokatem Anette Torgersen pod numerem telefonu 98672929 lub wys\u0142a\u0107 e-maila na adres at@advokattorgersen.no.<\/span><\/h2>\n\n\t\t<\/div> \n\t<\/div> <\/div><\/div><\/div><div class=\"wpb_column vc_column_container vc_col-sm-2\"><div class=\"vc_column-inner\"><div class=\"wpb_wrapper\"><\/div><\/div><\/div><div class=\"wpb_column vc_column_container vc_col-sm-4\"><div class=\"vc_column-inner\"><div class=\"wpb_wrapper\">\t<div class=\"vc_empty_space\"  style=\"height: 12px\" ><span\n\t\t\tclass=\"vc_empty_space_inner\">\n\t\t\t<span class=\"empty_space_image\"  ><\/span>\n\t\t<\/span><\/div>\n\n<div class='q_elements_holder one_column responsive_mode_from_768'  style='background-color:#709f9e'><div class='q_elements_item' data-animation='no' data-item-class='q_elements_holder_custom_403040' style='vertical-align:top;'><div class='q_elements_item_inner'><div class='q_elements_item_content q_elements_holder_custom_403040' style='padding:40px 37px 0'>\n\t<div class=\"wpb_text_column wpb_content_element\">\n\t\t<div class=\"wpb_wrapper\">\n\t\t\t<h3 style=\"text-align: center;\">Zapraszam ci\u0119 do um\u00f3wienia si\u0119 na darmow\u0105 konsultacj\u0119, podczas kt\u00f3rej om\u00f3wimy szczeg\u00f3\u0142y twojej sprawy.<\/h3>\n\n\t\t<\/div> \n\t<\/div> \t<div class=\"vc_empty_space\"  style=\"height: 29px\" ><span\n\t\t\tclass=\"vc_empty_space_inner\">\n\t\t\t<span class=\"empty_space_image\"  ><\/span>\n\t\t<\/span><\/div>\n\n<div role=\"form\" class=\"wpcf7\" id=\"wpcf7-f16463-o1\" lang=\"en-US\" dir=\"ltr\">\n<div class=\"screen-reader-response\"><p role=\"status\" aria-live=\"polite\" aria-atomic=\"true\"><\/p> <ul><\/ul><\/div>\n<form action=\"\/pl\/wp-json\/wp\/v2\/pages\/16332#wpcf7-f16463-o1\" method=\"post\" class=\"wpcf7-form init cf7_custom_style_1\" novalidate=\"novalidate\" data-status=\"init\" data-trp-original-action=\"\/pl\/wp-json\/wp\/v2\/pages\/16332#wpcf7-f16463-o1\">\n<div style=\"display: none;\">\n<input type=\"hidden\" name=\"_wpcf7\" value=\"16463\" \/>\n<input type=\"hidden\" name=\"_wpcf7_version\" value=\"5.6.3\" \/>\n<input type=\"hidden\" name=\"_wpcf7_locale\" value=\"en_US\" \/>\n<input type=\"hidden\" name=\"_wpcf7_unit_tag\" value=\"wpcf7-f16463-o1\" \/>\n<input type=\"hidden\" name=\"_wpcf7_container_post\" value=\"0\" \/>\n<input type=\"hidden\" name=\"_wpcf7_posted_data_hash\" value=\"\" \/>\n<\/div>\n<p><label> Twoje imi\u0119 (wymagane)<br \/>\n    <span class=\"wpcf7-form-control-wrap\" data-name=\"your-name\"><input type=\"text\" name=\"your-name\" value=\"\" size=\"40\" class=\"wpcf7-form-control wpcf7-text wpcf7-validates-as-required\" aria-required=\"true\" aria-invalid=\"false\" \/><\/span> <\/label><\/p>\n<p><label> E-mail (wymagane)<br \/>\n    <span class=\"wpcf7-form-control-wrap\" data-name=\"your-email\"><input type=\"email\" name=\"your-email\" value=\"\" size=\"40\" class=\"wpcf7-form-control wpcf7-text wpcf7-email wpcf7-validates-as-required wpcf7-validates-as-email\" aria-required=\"true\" aria-invalid=\"false\" \/><\/span> <\/label><\/p>\n<p><label> Telefon<br \/>\n<span class=\"wpcf7-form-control-wrap\" data-name=\"your-tel\"><input type=\"tel\" name=\"your-tel\" value=\"\" size=\"40\" class=\"wpcf7-form-control wpcf7-text wpcf7-tel wpcf7-validates-as-tel\" aria-invalid=\"false\" \/><\/span><\/label><\/p>\n<p><label> Twoja wiadomo\u015b\u0107<br \/>\n    <span class=\"wpcf7-form-control-wrap\" data-name=\"your-message\"><textarea name=\"your-message\" cols=\"40\" rows=\"10\" class=\"wpcf7-form-control wpcf7-textarea\" aria-invalid=\"false\"><\/textarea><\/span> <\/label><\/p>\n<p><span class=\"wpcf7-form-control-wrap\" data-name=\"opt-in\"><span class=\"wpcf7-form-control wpcf7-checkbox\"><span class=\"wpcf7-list-item first last\"><input type=\"checkbox\" name=\"opt-in[]\" value=\"Ja takk, meld meg p\u00e5 nyhetsbrevet\" \/><span class=\"wpcf7-list-item-label\">Tak, prosz\u0119 o zapisanie mnie do newslettera<\/span><\/span><\/span><\/span><\/p>\n<div id=\"cf7sr-69ee1e6e6d1dc\" class=\"cf7sr-g-recaptcha\" data-theme=\"light\" data-type=\"image\" data-size=\"normal\" data-sitekey=\"6LfBcVsqAAAAAKAoCvAto5lD4axLDePjqQoGpC3Q\"><\/div><span class=\"wpcf7-form-control-wrap cf7sr-recaptcha\" data-name=\"cf7sr-recaptcha\"><input type=\"hidden\" name=\"cf7sr-recaptcha\" value=\"\" class=\"wpcf7-form-control\"><\/span><br \/>\n<input type=\"submit\" value=\"Wy\u015blij\" class=\"wpcf7-form-control has-spinner wpcf7-submit\" \/><\/p>\n<div class=\"wpcf7-response-output\" aria-hidden=\"true\"><\/div><input type=\"hidden\" name=\"trp-form-language\" value=\"pl\"\/><\/form><\/div><\/div><\/div><\/div><\/div><\/div><\/div><\/div><\/div><\/div><div      class=\"vc_row wpb_row section vc_row-fluid\" style=' text-align:left;'><div class=\"full_section_inner clearfix\"><div class=\"wpb_column vc_column_container vc_col-sm-12\"><div class=\"vc_column-inner\"><div class=\"wpb_wrapper\">\t<div class=\"vc_empty_space\"  style=\"height: 70px\" ><span\n\t\t\tclass=\"vc_empty_space_inner\">\n\t\t\t<span class=\"empty_space_image\"  ><\/span>\n\t\t<\/span><\/div>\n\n<div class=\"vc_text_separator wpb_content_element full separator_align_center\"><div style=''><span>Artikler<\/span><\/div><\/div>\n\t<div class=\"vc_empty_space\"  style=\"height: 32px\" ><span\n\t\t\tclass=\"vc_empty_space_inner\">\n\t\t\t<span class=\"empty_space_image\"  ><\/span>\n\t\t<\/span><\/div>\n\n\n<div class='latest_post_holder boxes three_columns one_row' >\n    <ul>\n    \n        <li class=\"clearfix\">\n            <div class=\"boxes_image\">\n                                <a itemprop=\"url\" href=\"https:\/\/advokattorgersen.no\/pl\/2023\/11\/06\/ny-voldserstatningslov-har-medfort-alvorlige-svekkelser-av-rettighetene-til-de-som-har-blitt-utsatt-for-vold-og-overgrep\/\"><img width=\"539\" height=\"303\" src=\"https:\/\/advokattorgersen.no\/wp-content\/uploads\/2023\/11\/Anette-og-logo-satt-sammen-539x303.jpg\" class=\"attachment-latest_post_boxes size-latest_post_boxes wp-post-image\" alt=\"vold\" loading=\"lazy\" \/><\/a>\n            <\/div>\n            <div class=\"latest_post\"   style=\"&#039;\" padding-left:0; padding-right:0; &#039;>\n                <div class=\"latest_post_text\">\n                    <div class=\"latest_post_inner\">\n                        <div class=\"latest_post_text_inner\">\n                            <h5 itemprop=\"name\" class=\"latest_post_title entry_title\"><a itemprop=\"url\" href=\"https:\/\/advokattorgersen.no\/pl\/2023\/11\/06\/ny-voldserstatningslov-har-medfort-alvorlige-svekkelser-av-rettighetene-til-de-som-har-blitt-utsatt-for-vold-og-overgrep\/\">Ny voldserstatningslov har medf\u00f8rt alvorlige svekkelser av rettighetene til de som har blitt utsatt for vold og overgrep<\/a><\/h5>\n                            <p class=\"excerpt\">NRK har tatt kontakt med bistandsadvokat Anette Torgersen for \u00e5 f\u00e5 hennes synspunkter rundt lovendringene. Etter lovendringene som tr\u00e5dte i kraft den 01.01.2023 har det blitt langt vanskeligere for de som har blitt utsatt for vold og overgrep \u00e5 f\u00e5 de...<\/p>\n                            <span class=\"post_infos\">\n                                                                                                \n                                \n                                                            <\/span>\n                        <\/div>\n                    <\/div>\n                <\/div>\n            <\/div>\n        <\/li>\n    \n        <li class=\"clearfix\">\n            <div class=\"boxes_image\">\n                                <a itemprop=\"url\" href=\"https:\/\/advokattorgersen.no\/pl\/2022\/10\/02\/din-erstatning-kan-ga-tapt-dersom-du-ikke-soker-voldsoffererstatning-for-1-januar-2023\/\"><img width=\"539\" height=\"303\" src=\"https:\/\/advokattorgersen.no\/wp-content\/uploads\/2021\/12\/HAN_0873-539x303.jpg\" class=\"attachment-latest_post_boxes size-latest_post_boxes wp-post-image\" alt=\"erstatning\" loading=\"lazy\" \/><\/a>\n            <\/div>\n            <div class=\"latest_post\"   style=\"&#039;\" padding-left:0; padding-right:0; &#039;>\n                <div class=\"latest_post_text\">\n                    <div class=\"latest_post_inner\">\n                        <div class=\"latest_post_text_inner\">\n                            <h5 itemprop=\"name\" class=\"latest_post_title entry_title\"><a itemprop=\"url\" href=\"https:\/\/advokattorgersen.no\/pl\/2022\/10\/02\/din-erstatning-kan-ga-tapt-dersom-du-ikke-soker-voldsoffererstatning-for-1-januar-2023\/\">Din erstatning kan g\u00e5 tapt dersom du ikke s\u00f8ker voldsoffererstatning f\u00f8r 1. januar 2023<\/a><\/h5>\n                            <p class=\"excerpt\">Mange av de som har blitt utsatt for vold eller overgrep i perioden 1. januar 1975 \u2013 1. januar 2022 kan miste sin rett til erstatning dersom det ikke s\u00f8kes om erstatning f\u00f8r 1. januar 2023. -Men det trenger fortsatt ikke v\u00e6re for sent \u00e5 fremsette ers...<\/p>\n                            <span class=\"post_infos\">\n                                                                                                \n                                \n                                                            <\/span>\n                        <\/div>\n                    <\/div>\n                <\/div>\n            <\/div>\n        <\/li>\n    \n        <li class=\"clearfix\">\n            <div class=\"boxes_image\">\n                                <a itemprop=\"url\" href=\"https:\/\/advokattorgersen.no\/pl\/2022\/02\/24\/advokatfirmaet-torgersen-hadde-et-hyggelig-besok-av-advokatwatch\/\"><img width=\"539\" height=\"303\" src=\"https:\/\/advokattorgersen.no\/wp-content\/uploads\/2022\/02\/aurora-539x303.jpg\" class=\"attachment-latest_post_boxes size-latest_post_boxes wp-post-image\" alt=\"\" loading=\"lazy\" srcset=\"https:\/\/advokattorgersen.no\/wp-content\/uploads\/2022\/02\/aurora-539x303.jpg 539w, https:\/\/advokattorgersen.no\/wp-content\/uploads\/2022\/02\/aurora-300x169.jpg 300w, https:\/\/advokattorgersen.no\/wp-content\/uploads\/2022\/02\/aurora-1024x575.jpg 1024w, https:\/\/advokattorgersen.no\/wp-content\/uploads\/2022\/02\/aurora-768x431.jpg 768w, https:\/\/advokattorgersen.no\/wp-content\/uploads\/2022\/02\/aurora-1536x863.jpg 1536w, https:\/\/advokattorgersen.no\/wp-content\/uploads\/2022\/02\/aurora-700x393.jpg 700w, https:\/\/advokattorgersen.no\/wp-content\/uploads\/2022\/02\/aurora.jpg 1750w\" sizes=\"(max-width: 539px) 100vw, 539px\" \/><\/a>\n            <\/div>\n            <div class=\"latest_post\"   style=\"&#039;\" padding-left:0; padding-right:0; &#039;>\n                <div class=\"latest_post_text\">\n                    <div class=\"latest_post_inner\">\n                        <div class=\"latest_post_text_inner\">\n                            <h5 itemprop=\"name\" class=\"latest_post_title entry_title\"><a itemprop=\"url\" href=\"https:\/\/advokattorgersen.no\/pl\/2022\/02\/24\/advokatfirmaet-torgersen-hadde-et-hyggelig-besok-av-advokatwatch\/\">Advokatfirmaet Torgersen hadde et hyggelig bes\u00f8k av AdvokatWatch<\/a><\/h5>\n                            <p class=\"excerpt\">AdvokatWatch tok kontakt med Advokatfirmaet Torgersen i forbindelse med nyansettelse. Advokatfirmaet Torgersen har \u00f8kende oppdragsmengde, og har ansatt Aurora Valdivia Ros\u00e9n som kontormedarbeider. ...<\/p>\n                            <span class=\"post_infos\">\n                                                                                                \n                                \n                                                            <\/span>\n                        <\/div>\n                    <\/div>\n                <\/div>\n            <\/div>\n        <\/li>\n        <\/ul>\n<\/div><\/div><\/div><\/div><\/div><\/div>","protected":false},"excerpt":{"rendered":"AdvokatWatch tok kontakt med Advokatfirmaet Torgersen i forbindelse med nyansettelse Advokatfirmaet Torgersen har \u00f8kende oppdragsmengde, og har ansatt Aurora Valdivia Ros\u00e9n som kontormedarbeider. Kort tid etter oppstarten tok AdvokatWatch kontakt med Advokatfirmaet Torgersen med sp\u00f8rsm\u00e5l om de kunne komme p\u00e5 bes\u00f8k til oss. Det synes vi var veldig hyggelig, og det ble avtalt et m\u00f8te med AdvokatWatch s\u00e5 de skulle f\u00e5 h\u00f8re mer om Advokatfirmaet Torgersen og nyansettelsen. AdvokatWatch synes det de h\u00f8rte var interessant, og \u00f8nsket og skrive flere artikler om Advokatfirmaet Torgersen. AdvokatWatch sin artikkel om Advokatfirmaet Torgersen sin f\u00f8rste ansettelse er n\u00e5 lagt ut her: &nbsp;https:\/\/advokatwatch.no\/nyheter\/karriere\/article13756379.ece Nyansettelse Advokatfirmaet Torgersen har \u00f8nsket Aurora Valdivia Ros\u00e9n velkommen til oss, og Ros\u00e9n er godt i gang med \u00e5 skrive juridiske utredninger. Vi er glade for \u00e5 ha henne med p\u00e5 laget. Ros\u00e9n sier hun synes det er spennende \u00e5 ha startet i den nye jobben. \u2013 Jeg synes det er et veldig hyggelig arbeidsmilj\u00f8 til tross for at det ikke er s\u00e5 stort. Jeg synes ogs\u00e5 de ulike saksomr\u00e5dene er veldig spennende, og jeg f\u00f8ler jeg f\u00e5r utviklet meg faglig, sier Ros\u00e9n. Spesialisering Advokatfirmaet Torgersen har spesialisert seg innen erstatningsrett, strafferett og trygderett, og har over 10 \u00e5rs erfaring innen...","protected":false},"author":1,"featured_media":0,"parent":0,"menu_order":0,"comment_status":"closed","ping_status":"closed","template":"","meta":{"_mi_skip_tracking":false},"yoast_head":"<!-- This site is optimized with the Yoast SEO plugin v19.6.1 - https:\/\/yoast.com\/wordpress\/plugins\/seo\/ -->\n<title>Dekning av advokatutgifter i NAV-sak - Advokatfirmaet Torgersen<\/title>\n<meta name=\"robots\" content=\"index, follow, max-snippet:-1, max-image-preview:large, max-video-preview:-1\" \/>\n<link rel=\"canonical\" href=\"https:\/\/advokattorgersen.no\/pl\/dekning-av-advokatutgifter-i-nav-sak\/\" \/>\n<meta property=\"og:locale\" content=\"pl_PL\" \/>\n<meta property=\"og:type\" content=\"article\" \/>\n<meta property=\"og:title\" content=\"Dekning av advokatutgifter i NAV-sak - Advokatfirmaet Torgersen\" \/>\n<meta property=\"og:url\" content=\"https:\/\/advokattorgersen.no\/pl\/dekning-av-advokatutgifter-i-nav-sak\/\" \/>\n<meta property=\"og:site_name\" content=\"Advokatfirmaet Torgersen\" \/>\n<meta property=\"article:publisher\" content=\"https:\/\/www.facebook.com\/advokattorgersen\/\" \/>\n<meta property=\"article:modified_time\" content=\"2024-02-16T16:12:52+00:00\" \/>\n<meta property=\"og:image\" content=\"https:\/\/advokattorgersen.no\/wp-content\/uploads\/2018\/03\/Henlagt-voldtekt-hender1-1.jpg\" \/>\n\t<meta property=\"og:image:width\" content=\"800\" \/>\n\t<meta property=\"og:image:height\" content=\"533\" \/>\n\t<meta property=\"og:image:type\" content=\"image\/jpeg\" \/>\n<meta name=\"twitter:card\" content=\"summary_large_image\" \/>\n<meta name=\"twitter:label1\" content=\"Szacowany czas czytania\" \/>\n\t<meta name=\"twitter:data1\" content=\"2 minuty\" \/>\n<script type=\"application\/ld+json\" class=\"yoast-schema-graph\">{\"@context\":\"https:\/\/schema.org\",\"@graph\":[{\"@type\":\"WebPage\",\"@id\":\"https:\/\/advokattorgersen.no\/dekning-av-advokatutgifter-i-nav-sak\/\",\"url\":\"https:\/\/advokattorgersen.no\/dekning-av-advokatutgifter-i-nav-sak\/\",\"name\":\"Dekning av advokatutgifter i NAV-sak - Advokatfirmaet Torgersen\",\"isPartOf\":{\"@id\":\"https:\/\/advokattorgersen.no\/#website\"},\"datePublished\":\"2018-02-11T19:02:40+00:00\",\"dateModified\":\"2024-02-16T16:12:52+00:00\",\"breadcrumb\":{\"@id\":\"https:\/\/advokattorgersen.no\/dekning-av-advokatutgifter-i-nav-sak\/#breadcrumb\"},\"inLanguage\":\"pl-PL\",\"potentialAction\":[{\"@type\":\"ReadAction\",\"target\":[\"https:\/\/advokattorgersen.no\/dekning-av-advokatutgifter-i-nav-sak\/\"]}]},{\"@type\":\"BreadcrumbList\",\"@id\":\"https:\/\/advokattorgersen.no\/dekning-av-advokatutgifter-i-nav-sak\/#breadcrumb\",\"itemListElement\":[{\"@type\":\"ListItem\",\"position\":1,\"name\":\"Home\",\"item\":\"https:\/\/advokattorgersen.no\/\"},{\"@type\":\"ListItem\",\"position\":2,\"name\":\"Dekning av advokatutgifter i NAV-sak\"}]},{\"@type\":\"WebSite\",\"@id\":\"https:\/\/advokattorgersen.no\/#website\",\"url\":\"https:\/\/advokattorgersen.no\/\",\"name\":\"Advokatfirmaet Torgersen\",\"description\":\"\",\"publisher\":{\"@id\":\"https:\/\/advokattorgersen.no\/#organization\"},\"potentialAction\":[{\"@type\":\"SearchAction\",\"target\":{\"@type\":\"EntryPoint\",\"urlTemplate\":\"https:\/\/advokattorgersen.no\/?s={search_term_string}\"},\"query-input\":\"required name=search_term_string\"}],\"inLanguage\":\"pl-PL\"},{\"@type\":\"Organization\",\"@id\":\"https:\/\/advokattorgersen.no\/#organization\",\"name\":\"Advokatfirmaet Torgersen\",\"url\":\"https:\/\/advokattorgersen.no\/\",\"sameAs\":[\"https:\/\/www.linkedin.com\/company\/advokatfirmaet-torgersen\/\",\"https:\/\/www.facebook.com\/advokattorgersen\/\"],\"logo\":{\"@type\":\"ImageObject\",\"inLanguage\":\"pl-PL\",\"@id\":\"https:\/\/advokattorgersen.no\/#\/schema\/logo\/image\/\",\"url\":\"http:\/\/advokattorgersen.no\/wp-content\/uploads\/2017\/11\/advokatfirma-torgersen-logo-2-kopi.png\",\"contentUrl\":\"http:\/\/advokattorgersen.no\/wp-content\/uploads\/2017\/11\/advokatfirma-torgersen-logo-2-kopi.png\",\"width\":500,\"height\":117,\"caption\":\"Advokatfirmaet Torgersen\"},\"image\":{\"@id\":\"https:\/\/advokattorgersen.no\/#\/schema\/logo\/image\/\"}}]}<\/script>\n<!-- \/ Yoast SEO plugin. -->","yoast_head_json":{"title":"Dekning av advokatutgifter i NAV-sak - Advokatfirmaet Torgersen","robots":{"index":"index","follow":"follow","max-snippet":"max-snippet:-1","max-image-preview":"max-image-preview:large","max-video-preview":"max-video-preview:-1"},"canonical":"https:\/\/advokattorgersen.no\/pl\/dekning-av-advokatutgifter-i-nav-sak\/","og_locale":"pl_PL","og_type":"article","og_title":"Dekning av advokatutgifter i NAV-sak - Advokatfirmaet Torgersen","og_url":"https:\/\/advokattorgersen.no\/pl\/dekning-av-advokatutgifter-i-nav-sak\/","og_site_name":"Advokatfirmaet Torgersen","article_publisher":"https:\/\/www.facebook.com\/advokattorgersen\/","article_modified_time":"2024-02-16T16:12:52+00:00","og_image":[{"width":800,"height":533,"url":"https:\/\/advokattorgersen.no\/wp-content\/uploads\/2018\/03\/Henlagt-voldtekt-hender1-1.jpg","type":"image\/jpeg"}],"twitter_card":"summary_large_image","twitter_misc":{"Szacowany czas czytania":"2 minuty"},"schema":{"@context":"https:\/\/schema.org","@graph":[{"@type":"WebPage","@id":"https:\/\/advokattorgersen.no\/dekning-av-advokatutgifter-i-nav-sak\/","url":"https:\/\/advokattorgersen.no\/dekning-av-advokatutgifter-i-nav-sak\/","name":"Dekning av advokatutgifter i NAV-sak - Advokatfirmaet Torgersen","isPartOf":{"@id":"https:\/\/advokattorgersen.no\/#website"},"datePublished":"2018-02-11T19:02:40+00:00","dateModified":"2024-02-16T16:12:52+00:00","breadcrumb":{"@id":"https:\/\/advokattorgersen.no\/dekning-av-advokatutgifter-i-nav-sak\/#breadcrumb"},"inLanguage":"pl-PL","potentialAction":[{"@type":"ReadAction","target":["https:\/\/advokattorgersen.no\/dekning-av-advokatutgifter-i-nav-sak\/"]}]},{"@type":"BreadcrumbList","@id":"https:\/\/advokattorgersen.no\/dekning-av-advokatutgifter-i-nav-sak\/#breadcrumb","itemListElement":[{"@type":"ListItem","position":1,"name":"Home","item":"https:\/\/advokattorgersen.no\/"},{"@type":"ListItem","position":2,"name":"Dekning av advokatutgifter i NAV-sak"}]},{"@type":"WebSite","@id":"https:\/\/advokattorgersen.no\/#website","url":"https:\/\/advokattorgersen.no\/","name":"Advokatfirmaet Torgersen","description":"","publisher":{"@id":"https:\/\/advokattorgersen.no\/#organization"},"potentialAction":[{"@type":"SearchAction","target":{"@type":"EntryPoint","urlTemplate":"https:\/\/advokattorgersen.no\/?s={search_term_string}"},"query-input":"required name=search_term_string"}],"inLanguage":"pl-PL"},{"@type":"Organization","@id":"https:\/\/advokattorgersen.no\/#organization","name":"Advokatfirmaet Torgersen","url":"https:\/\/advokattorgersen.no\/","sameAs":["https:\/\/www.linkedin.com\/company\/advokatfirmaet-torgersen\/","https:\/\/www.facebook.com\/advokattorgersen\/"],"logo":{"@type":"ImageObject","inLanguage":"pl-PL","@id":"https:\/\/advokattorgersen.no\/#\/schema\/logo\/image\/","url":"http:\/\/advokattorgersen.no\/wp-content\/uploads\/2017\/11\/advokatfirma-torgersen-logo-2-kopi.png","contentUrl":"http:\/\/advokattorgersen.no\/wp-content\/uploads\/2017\/11\/advokatfirma-torgersen-logo-2-kopi.png","width":500,"height":117,"caption":"Advokatfirmaet Torgersen"},"image":{"@id":"https:\/\/advokattorgersen.no\/#\/schema\/logo\/image\/"}}]}},"_links":{"self":[{"href":"https:\/\/advokattorgersen.no\/pl\/wp-json\/wp\/v2\/pages\/16332"}],"collection":[{"href":"https:\/\/advokattorgersen.no\/pl\/wp-json\/wp\/v2\/pages"}],"about":[{"href":"https:\/\/advokattorgersen.no\/pl\/wp-json\/wp\/v2\/types\/page"}],"author":[{"embeddable":true,"href":"https:\/\/advokattorgersen.no\/pl\/wp-json\/wp\/v2\/users\/1"}],"replies":[{"embeddable":true,"href":"https:\/\/advokattorgersen.no\/pl\/wp-json\/wp\/v2\/comments?post=16332"}],"version-history":[{"count":10,"href":"https:\/\/advokattorgersen.no\/pl\/wp-json\/wp\/v2\/pages\/16332\/revisions"}],"predecessor-version":[{"id":17746,"href":"https:\/\/advokattorgersen.no\/pl\/wp-json\/wp\/v2\/pages\/16332\/revisions\/17746"}],"wp:attachment":[{"href":"https:\/\/advokattorgersen.no\/pl\/wp-json\/wp\/v2\/media?parent=16332"}],"curies":[{"name":"wp","href":"https:\/\/api.w.org\/{rel}","templated":true}]}}